{"id":157,"date":"2021-04-23T13:29:26","date_gmt":"2021-04-23T13:29:26","guid":{"rendered":"https:\/\/signformecfs.de\/?page_id=157"},"modified":"2023-09-27T09:20:12","modified_gmt":"2023-09-27T09:20:12","slug":"aktuelles","status":"publish","type":"page","link":"https:\/\/signformecfs.de\/?page_id=157","title":{"rendered":"Aktuelles"},"content":{"rendered":"\n<h2 class=\"wp-block-heading\">27. September 2023<\/h2>\n\n\n\n<p>Auf Grundlage der Beschlussempfehlung des Petitionsausschusses vom 5. Juli 2023 hat der Deutsche Bundestag einstimmig den Beschluss gefasst, Kernanliegen unserer von rund 100.000 Menschen unterst\u00fctzten #SIGNforMECFS-Petition der Bundesregierung zur Ber\u00fccksichtigung zu \u00fcberweisen. Die \u00dcberweisung an die Bundesregierung erfolgte nun in den letzten Tagen. Aus diesem Anlass wenden wir uns mit offenen Briefen an <em>Bundeskanzler Olaf Scholz<\/em> und an <em>Bundesgesundheitsminister Prof. Dr. Karl Lauterbach<\/em>. Unser ausf\u00fchrlicher Bericht samt Stellungnahme sowie die offenen Briefe finden sich <a href=\"https:\/\/signformecfs.de\/?page_id=954\" data-type=\"link\" data-id=\"https:\/\/signformecfs.de\/?page_id=954\">an dieser Stelle<\/a>.<\/p>\n\n\n\n<figure class=\"wp-block-image size-large is-resized\"><img loading=\"lazy\" decoding=\"async\" src=\"https:\/\/signformecfs.de\/wp-content\/uploads\/2023\/09\/ueberweisung-1024x1024.jpg\" alt=\"\" class=\"wp-image-991\" style=\"object-fit:contain;width:842px;height:842px\" width=\"842\" height=\"842\" srcset=\"https:\/\/signformecfs.de\/wp-content\/uploads\/2023\/09\/ueberweisung-1024x1024.jpg 1024w, https:\/\/signformecfs.de\/wp-content\/uploads\/2023\/09\/ueberweisung-300x300.jpg 300w, https:\/\/signformecfs.de\/wp-content\/uploads\/2023\/09\/ueberweisung-150x150.jpg 150w, https:\/\/signformecfs.de\/wp-content\/uploads\/2023\/09\/ueberweisung-768x768.jpg 768w, https:\/\/signformecfs.de\/wp-content\/uploads\/2023\/09\/ueberweisung-1536x1536.jpg 1536w, https:\/\/signformecfs.de\/wp-content\/uploads\/2023\/09\/ueberweisung-2048x2048.jpg 2048w, https:\/\/signformecfs.de\/wp-content\/uploads\/2023\/09\/ueberweisung-1080x1080.jpg 1080w\" sizes=\"auto, (max-width: 842px) 100vw, 842px\" \/><\/figure>\n\n\n\n<br>\n\n\n\n<h2 class=\"wp-block-heading\">5. Juli 2023<\/h2>\n\n\n\n<p>Gro\u00dfer Erfolg f\u00fcr unsere #SIGNforMECFS-Petition! <strong>In seiner heutigen Sitzung hat der Petitionsausschuss des Deutschen Bundestages einstimmig die Beschlussempfehlung verabschiedet, unsere #SIGNforMECFS-Petition mit dem h\u00f6chstm\u00f6glichen Votum &#8222;zur Ber\u00fccksichtigung&#8220; an die Bundesregierung zu \u00fcberweisen.<\/strong> Eine solche Beschlussempfehlung bedeutet, dass der Ausschuss die Anliegen grunds\u00e4tzlich f\u00fcr begr\u00fcndet und Abhilfe f\u00fcr notwendig h\u00e4lt. Nach einem entsprechenden Beschluss des Bundestages wird die Petition durch die Bundestagspr\u00e4sidentin der Bundesregierung &#8222;zur Ber\u00fccksichtigung&#8220; mitgeteilt. Wir \u00e4u\u00dfern uns n\u00e4her, wenn uns die Beschlussempfehlung bzw. der Beschluss im Wortlaut vorliegt oder wenn wir weitere Informationen zum weiteren zeitlichen Ablauf haben.<\/p>\n\n\n\n<p>Weitere Informationen enth\u00e4lt ein <a href=\"https:\/\/www.bundestag.de\/presse\/hib\/kurzmeldungen-956818\" target=\"_blank\" rel=\"noreferrer noopener\">Bericht der Parlamentsnachrichten des Deutschen Bundestages<\/a> zur heutigen Sitzung des Petitionsausschusses.<\/p>\n\n\n\n<br>\n\n\n\n<h2 class=\"wp-block-heading\">12. Mai 2023<\/h2>\n\n\n\n<p>Am heutigen 12. Mai ist internationaler ME\/CFS-Tag | #MEawarenessDay. Aus diesem Anlass haben wir den Abgeordneten des Petitionsausschusses des Deutschen Bundestages einen pers\u00f6nlichen Brief geschrieben. Wir erinnern darin an die Lage ME\/CFS-Betroffener und an unsere #SIGNforMECFS-Petition, die derzeit vom Petitionsausschuss beraten wird, und fordern dringendes Handeln in Sachen ME\/CFS.<\/p>\n\n\n\n<p>Heute ver\u00f6ffentlichen wir unseren Brief, der <a href=\"https:\/\/www.signformecfs.de\/downloads\/SIGNforMECFS-Brief-zum-12-Mai-2023.pdf\" target=\"_blank\" rel=\"noreferrer noopener\">an dieser Stelle<\/a> gelesen werden kann (<strong>pdf<\/strong>).<\/p>\n\n\n\n<p>Au\u00dferdem haben wir unseren Brief als <strong>Video<\/strong> aufgezeichnet, das auf <strong>YouTube<\/strong> <a href=\"https:\/\/youtu.be\/bDu0CjiQqQA\" target=\"_blank\" rel=\"noreferrer noopener\">an dieser Stelle<\/a> abgerufen werden kann.<\/p>\n\n\n\n<blockquote class=\"wp-block-quote is-layout-flow wp-block-quote-is-layout-flow\">\n<p>Rund eineinhalb Jahre nach der Mitzeichnungsphase unserer Petition sind nicht mehr alle der ME\/CFS-Betroffenen, die sich noch in 2021 f\u00fcr unsere Anliegen eingesetzt haben, am Leben. Wir k\u00f6nnen uns der Frage nicht verschlie\u00dfen: W\u00e4ren diese meist jungen Menschen noch unter uns, wenn es f\u00fcr ME\/CFS die medizinische Versorgung g\u00e4be, die allen Erkrankten in unserem Land zusteht und die bereits nach heutigem Wissensstand m\u00f6glich ist? Schon seit Jahrzehnten setzen sich vor allem die Betroffenen selbst unter Aufbietung letzter Kr\u00e4fte und unter Inkaufnahme gesundheitlicher Nachteile f\u00fcr diese so berechtigten Anliegen ein. Bitte lassen Sie uns nicht im Stich!<\/p>\n<cite>Auszug aus unserem Brief an die Abgeordneten des Petitionsausschusses<\/cite><\/blockquote>\n\n\n\n<br>\n\n\n\n<h2 class=\"wp-block-heading\">6. Mai 2023<\/h2>\n\n\n\n<p>Am 12. Mai ist der internationale ME\/CFS-Tag. Auf der ganzen Welt finden Aktionen statt, um auf ME\/CFS aufmerksam zu machen. Wir wenden uns aus diesem Anlass mit einem pers\u00f6nlichen Brief an die Abgeordneten des Petitionsausschusses des Deutschen Bundestages. Wir erinnern darin an unsere #SIGNforMECFS-Petition, die derzeit vom Petitionsausschuss beraten wird, und fordern dringendes Handeln in Sachen ME\/CFS. Weitere Informationen zu den Inhalten unseres Briefes gibt es am 12. Mai &#8211; auf dieser Webseite und \u00fcber unsere Social Media-Kan\u00e4le.<\/p>\n\n\n\n<figure class=\"wp-block-image size-large is-resized\"><img loading=\"lazy\" decoding=\"async\" src=\"https:\/\/signformecfs.de\/wp-content\/uploads\/2023\/05\/MECFStag2023teaser-1024x1024.jpg\" alt=\"\" class=\"wp-image-935\" style=\"object-fit:contain;width:842px;height:842px\" width=\"842\" height=\"842\" srcset=\"https:\/\/signformecfs.de\/wp-content\/uploads\/2023\/05\/MECFStag2023teaser.jpg 1024w, https:\/\/signformecfs.de\/wp-content\/uploads\/2023\/05\/MECFStag2023teaser-300x300.jpg 300w, https:\/\/signformecfs.de\/wp-content\/uploads\/2023\/05\/MECFStag2023teaser-150x150.jpg 150w, https:\/\/signformecfs.de\/wp-content\/uploads\/2023\/05\/MECFStag2023teaser-768x768.jpg 768w\" sizes=\"auto, (max-width: 842px) 100vw, 842px\" \/><figcaption class=\"wp-element-caption\">Zum ME\/CFS-Tag am 12. Mai: Die Abgeordneten des Petitionsausschusses erhalten Post.<\/figcaption><\/figure>\n\n\n\n<br>\n\n\n\n<h2 class=\"wp-block-heading\">19. April 2023<\/h2>\n\n\n\n<p>Auf Grund des Antrages der CDU\/CSU-Fraktion mit dem Titel: <em>&#8222;ME\/CFS-Betroffenen sowie deren Angeh\u00f6rigen helfen \u2013 F\u00fcr eine bessere Gesundheits- sowie Therapieversorgung, Aufkl\u00e4rung und Anerkennung&#8220;<\/em> (wir berichteten) findet im Gesundheitsausschuss des Deutschen Bundestages am <strong>Mittwoch, 19. April 2023, ab 14.45 Uhr<\/strong> eine <strong>Anh\u00f6rung<\/strong> statt.<\/p>\n\n\n\n<p>Auch die Initiative #SIGNforMECFS nimmt auf Einladung des Gesundheitsausschusses an dieser Anh\u00f6rung teil und wird durch <strong>Sonja Kohl<\/strong> vertreten werden. Zudem haben wir eine <a rel=\"noreferrer noopener\" href=\"https:\/\/www.signformecfs.de\/downloads\/SIGNforMECFS-StellungnahmeAnhoerungGesundheitsausschuss.pdf\" target=\"_blank\">schriftliche Stellungnahme<\/a> eingereicht. <a rel=\"noreferrer noopener\" href=\"https:\/\/www.bundestag.de\/dokumente\/textarchiv\/2023\/kw16-pa-gesundheit-me-cfs-941580\" target=\"_blank\">Weitere Informationen<\/a> auf der Webseite des Deutschen Bundestages.<\/p>\n\n\n\n<p>Die Anh\u00f6rung wird im <a href=\"https:\/\/www.bundestag.de\/mediathek\/live\" target=\"_blank\" rel=\"noreferrer noopener\">Parlamentsfernsehen<\/a> des Deutschen Bundestages live \u00fcbertragen werden.<\/p>\n\n\n\n<br>\n\n\n\n<h2 class=\"wp-block-heading\">1. Februar 2023<\/h2>\n\n\n\n<p><strong>Informationen zum aktuellen Stand des Petitionsverfahrens im Deutschen Bundestag<\/strong><\/p>\n\n\n\n<p>Das Sekretariat des Petitionsausschusses hat uns zum aktuellen Verfahrensstand mitgeteilt: Der Petitionsausschuss hat den Gesundheitsausschuss als zust\u00e4ndigen Fachausschuss gebeten, zu den Anliegen unserer #SIGNforMECFS-Petition eine <strong>Stellungnahme <\/strong>abzugeben.<\/p>\n\n\n\n<p>Hintergrund: Die Einholung einer Stellungnahme ist nach <a rel=\"noreferrer noopener\" href=\"http:\/\/www.gesetze-im-internet.de\/btgo_1980\/__109.html\" target=\"_blank\">\u00a7 109 Abs. 1 S. 2 GO BT<\/a> vorgeschrieben, wenn &#8222;Petitionen einen Gegenstand der Beratung in diesen Fachaussch\u00fcssen betreffen&#8220;. Der Gesundheitsausschuss ber\u00e4t derzeit den ME\/CFS-Antrag der CDU\/CSU-Fraktion.<\/p>\n\n\n\n<br>\n\n\n\n<h2 class=\"wp-block-heading\">19. Januar 2023<\/h2>\n\n\n\n<p>Am 19. Januar 2023 war ME\/CFS zum ersten Mal \u00fcberhaupt Gegenstand einer <strong>Debatte des Deutschen Bundestages<\/strong>. Anlass war ein Antrag der CDU\/CSU-Fraktion mit dem Titel: <em>&#8222;ME\/CFS-Betroffenen sowie deren Angeh\u00f6rigen helfen \u2013 F\u00fcr eine bessere Gesundheits- sowie Therapieversorgung, Aufkl\u00e4rung und Anerkennung&#8220;<\/em> (wir berichteten). Auch die #SIGNforMECFS-Petition an den Deutschen Bundestag wurde im Laufe der Debatte von den Abgeordneten mehrfach erw\u00e4hnt.<\/p>\n\n\n\n<p>Die <strong>Aufzeichnung <\/strong>der Beratung kann in der Mediathek des Parlamentsfernsehens <a rel=\"noreferrer noopener\" href=\"https:\/\/dbtg.tv\/cvid\/7550038\" target=\"_blank\">an dieser Stelle<\/a> angesehen werden. Das <strong>Plenarprotokoll <\/strong>zur Debatte ist <a href=\"https:\/\/dserver.bundestag.de\/btp\/20\/20079.pdf\">hier verf\u00fcgbar<\/a> (pdf-Dokument, ab S. 9501).<\/p>\n\n\n\n<p>\u00dcber die Parlamentsdebatte <a href=\"https:\/\/www.zeit.de\/gesundheit\/2023-01\/long-covid-me-cfs-bundestag-protestaktion-feldbetten\" target=\"_blank\" rel=\"noreferrer noopener\">berichtete<\/a> auch ZEIT ONLINE (\u20ac). Erw\u00e4hnt wird dabei insbesondere die <a href=\"https:\/\/signformecfs.de\/?page_id=730\">Anh\u00f6rung<\/a> zur #SIGNforMECFS-Petition am 14. Februar 2022:<\/p>\n\n\n\n<blockquote class=\"wp-block-quote is-layout-flow wp-block-quote-is-layout-flow\">\n<p>&#8222;Bereits im Februar vergangenen Jahres beriet der Petitionsausschuss des Bundestages eine Petition zu ME\/CFS, die \u00fcber 100.000 Menschen unterzeichnet hatten. Seitdem haben Abgeordnete offenbar \u00fcber Fraktionsgrenzen hinweg an dem Thema&nbsp;gearbeitet.&#8220;<\/p>\n<cite>Sarah Kohler und Ingo Arzt, &#8222;Wir h\u00f6ren Sie, wir sehen Ihr Anliegen&#8220;, <a href=\"https:\/\/www.zeit.de\/gesundheit\/2023-01\/long-covid-me-cfs-bundestag-protestaktion-feldbetten\" target=\"_blank\" rel=\"noreferrer noopener\">ZEIT ONLINE vom 20. Januar 2023<\/a>.<\/cite><\/blockquote>\n\n\n\n<br>\n\n\n\n<h2 class=\"wp-block-heading\">13. Januar 2023<\/h2>\n\n\n\n<p>Die CDU\/CSU-Fraktion hat einen Antrag zu ME\/CFS in den Bundestag eingebracht: <em>&#8222;ME\/CFS-Betroffenen sowie deren Angeh\u00f6rigen helfen \u2013 F\u00fcr eine bessere Gesundheits- sowie Therapieversorgung, Aufkl\u00e4rung und Anerkennung&#8220;<\/em>. In diesem Antrag finden sich zahlreiche Punkte, die auch Gegenstand unserer #SIGNforMECFS-Petition an den Bundestag sind. Die parlamentarische Beratung des Antrags ist f\u00fcr den <strong>19. Januar 2023 ab 18:10 Uhr<\/strong> vorgesehen und wird im Parlamentsfernsehen live \u00fcbertragen.<\/p>\n\n\n\n<p>Aus Anlass der Debatte am 19. Januar rufen MillionsMissing Deutschland und das Team #SIGNforMECFS zu einer Aktion in den sozialen Medien auf, um unter dem Hashtag <strong>#MECFSimBundestag<\/strong> auf dieses Ereignis und auf die Situation ME\/CFS-Betroffener in Deutschland aufmerksam zu machen. Weitere Informationen dazu <a href=\"https:\/\/signformecfs.de\/?page_id=897\">auf dieser Seite<\/a>.<\/p>\n\n\n\n<br>\n\n\n\n<h2 class=\"wp-block-heading\">1. Dezember 2022<\/h2>\n\n\n\n<p>Am 1. Dezember 2022 kam es in Berlin zu dem zuletzt angek\u00fcndigten <strong>Berichterstattergespr\u00e4ch <\/strong>betreffend unsere #SIGNforMECFS-Petition. Die Abgeordneten <strong>Simone Borchardt (CDU)<\/strong>, <strong>Linda Heitmann (Gr\u00fcne)<\/strong>, <strong>Erich Irlstorfer (CSU)<\/strong>, <strong>Martina Stamm-Fibich (SPD)<\/strong> und <strong>Ruppert St\u00fcwe (SPD)<\/strong> sowie die Parlamentarische Staatssekret\u00e4rin beim Bundesminister f\u00fcr Gesundheit <strong>Sabine Dittmar (SPD) <\/strong>sprachen \u00fcber ME\/CFS und die Anliegen unserer Petition.<\/p>\n\n\n\n<p>Die Vorsitzende des Petitionsausschusses <strong>Martina Stamm-Fibich (SPD)<\/strong> \u00e4u\u00dferte nach dem Treffen auf <a href=\"https:\/\/www.facebook.com\/martina.stammfibich\/posts\/pfbid02nyeGNffqxGPmagSY6Efu4ZeZcPmWSttUz69vusrYWnn2NF7kA8yhDEgiFZqoh4nvl?__cft__[0]=AZWTUUnTQD7vRJl9Ufj14tjpHaJ573OnWF79JL8FvBzYcmpDyY1_-X864eabGU-pc7RQCsIKfoLsMs-F-7Wr8oUdNwEfnUfQ1bKbk4E7js_Qq4w6I41kNsppJqE0l1eOyskYZG7EOmXdDOAGIfBJdUo42kc6Z56uK-edCLh2LUAjn_vO3zTmabWIIAkitVHXA4E&amp;__tn__=%2CO%2CP-R\" target=\"_blank\" rel=\"noreferrer noopener\">Facebook<\/a>:<\/p>\n\n\n\n<blockquote class=\"wp-block-quote is-layout-flow wp-block-quote-is-layout-flow\">\n<p>\u201eWie k\u00f6nnen wir #MECFS-Erkrankten (besser) helfen? Was kann und muss die Politik tun, um das Leid der Betroffenen zu lindern? Das haben wir heute im Rahmen einer ME\/CFS-Petition diskutiert mit Sabine Dittmar, Linda Heitmann, Simone Borchardt, Ruppert St\u00fcwe und Erich Irlstorfer. Klar ist immer noch: Forschung und Behandlungsmethoden stecken leider noch immer in den Kinderschuhen, genau da m\u00fcssen wir ansetzen.\u201c<\/p>\n<cite>Martina Stamm-Fibich, MdB (SPD), Vorsitzende des Petitionsausschusses<\/cite><\/blockquote>\n\n\n\n<p>Die Abgeordnete <strong>Simone Borchardt (CDU)<\/strong> bezog ebenfalls via <a href=\"https:\/\/www.facebook.com\/SimoneBorchardt2021\/posts\/pfbid0HEnBpxHYiYmUtEpkkkDuPBY7bgMRJbBMWgFT5BzwW8ZvL6bCsfETpmVaY2ZQqtsKl?__cft__[0]=AZXG8uKxTSImrA02viBgR9R073mMU2CkjTisOtQaCgXO1f3kjyfxaVFlsU7itSFZH9nz8UxkJ2qcXWjzsCd9vl0D8hQP17MVoL8ubUGO9rjaRTEuK2MpD7Ede4gTk0409v7RMhdWPonRj4pvEbKVAShp&amp;__tn__=%2CO%2CP-R\" target=\"_blank\" rel=\"noreferrer noopener\">Facebook<\/a> Position:<\/p>\n\n\n\n<blockquote class=\"wp-block-quote is-layout-flow wp-block-quote-is-layout-flow\">\n<p>\u201eDie Versorgungslage der von der postinfekti\u00f6sen Myalgischen Enzephalomyelitis\/Chronisches Fatigue-Syndrom (ME\/CFS) betroffenen Menschen hat sich seit Jahrzehnten nicht verbessert und ist weiterhin dramatisch. Die Situation der Erkrankten sowie deren Angeh\u00f6rigen ist sehr h\u00e4ufig von gro\u00dfer Hoffnungs- und Perspektivlosigkeit gepr\u00e4gt. Auf Grundlage einer Petition fand heute dazu im Bundestag auf meinen Antrag hin ein Berichterstattergespr\u00e4ch unter Einbindung meines Fachkollegen Erich Irlstorfer statt. Dabei haben wir dieses wichtige Thema partei\u00fcbergreifend diskutiert und beraten. Ziel muss in erster Linie die bessere medizinische Versorgung durch mehr Forschung, eine bessere Infrastruktur und die Entstigmatisierung auch in der \u00c4rzteschaft sein. Es gibt weiterhin gro\u00dfen Handlungsbedarf und ich hoffe, dass die Bundesregierung und die Koalition mehr Unterst\u00fctzung zu leisten bereit sind. Ich danke allen Gespr\u00e4chsteilnehmern f\u00fcr den offenen und konstruktiven Austausch. Wir bleiben dran!\u201c<\/p>\n<cite>Simone Borchardt, MdB (CDU)<\/cite><\/blockquote>\n\n\n\n<p>Auch der Abgeordnete <strong>Erich Irlstorfer (CSU)<\/strong> ver\u00f6ffentlichte auf <a href=\"https:\/\/www.facebook.com\/ErichIrlstorferMdB\/posts\/pfbid02DtiH7bDsa8tCZRVNhTgiXwZMPkLWWzgaaURmcYfLh4rJfGJn64QjaEvDQkt7UA2ql?__cft__[0]=AZW-uWr6oc03cekg66f4jAkn7HJWmZXQLBNfzEfomTRNxryuvtjv_2csDLZFT2R0PsLSLVmxmLSfLGP7NLSMexhgcofSTHlJWdB6HhzPxr5hmUJbzslgtG_VrwcSZTOfAv0HYsvh6YN1UbDy3LPX1dfEMzhXbKdmdcnz9V3d1iGIzQuZL5vncwVeSIGHWqMiJDs&amp;__tn__=%2CO%2CP-R\" target=\"_blank\" rel=\"noreferrer noopener\">Facebook<\/a> eine Stellungnahme zu dem Gespr\u00e4ch:<\/p>\n\n\n\n<blockquote class=\"wp-block-quote is-layout-flow wp-block-quote-is-layout-flow\">\n<p>\u201eObwohl ich nicht Mitglied des Petitionsausschusses bin, durfte ich am Berichterstattergespr\u00e4ch zur Petition #SIGNforMECFS unter anderem mit den Kolleginnen und Kollegen Simone Borchardt, Martina Stamm-Fibich, Linda Heitmann, Ruppert St\u00fcwe sowie der Parlamentarischen Staatssekret\u00e4rin Sabine Dittmar, MdB teilnehmen.<br>Krankheiten kennen kein Parteibuch, deshalb freut es mich, dass wir ein gemeinsames Ziel vor Augen haben und das lautet: Fundamente f\u00fcr tragf\u00e4hige Strukturen zur Erforschung, Diagnose und Behandlung legen, um ME\/CFS-Betroffene sowie ihre Angeh\u00f6rige wirkungsvoll zu behandeln und zu entlasten. Bis dahin ist es noch ein weiter Weg, aber die Petition ist Teil einer L\u00f6sung und ich danke dem Petenten, Daniel Loy, ausdr\u00fccklich f\u00fcr die Initiative.\u201c<\/p>\n<cite>Erich Irlstorfer, MdB (CSU)<\/cite><\/blockquote>\n\n\n\n<p>Wir danken allen Beteiligten f\u00fcr ihren Einsatz in Sachen ME\/CFS. Wie gehabt werden wir \u00fcber den weiteren Fortgang des Petitionsverfahrens berichten, sobald uns Neuigkeiten bekannt werden.<\/p>\n\n\n\n<br>\n\n\n\n<h2 class=\"wp-block-heading\">7. November 2022<\/h2>\n\n\n\n<p><strong>Informationen zum aktuellen Stand des Petitionsverfahrens im Deutschen Bundestag<\/strong><\/p>\n\n\n\n<p>Wie zuletzt am 1. Oktober 2022 berichtet, steht im parlamentarischen Verfahren zu unserer #SIGNforMECFS-Petition 122600 als n\u00e4chster Schritt ein sog. <strong>Berichterstattergespr\u00e4ch <\/strong>bevor. Nach aktueller Auskunft des Sekretariats des Petitionsausschusses steht hierf\u00fcr nun ein Termin fest. Der konkrete Termin wurde uns nicht mitgeteilt. Er soll aber noch vor der parlamentarischen Weihnachtspause stattfinden, die am 17.12. beginnt. Wir informieren \u00fcber den weiteren Fortgang, sobald uns Neuigkeiten bekannt werden.<\/p>\n\n\n\n<br>\n\n\n\n<h2 class=\"wp-block-heading\">1. Oktober 2022<\/h2>\n\n\n\n<p>Die <strong>Deutsche Welle<\/strong> sprach in der vergangenen Woche mit <strong>Prof. Dr. Carmen Scheibenbogen<\/strong>, Leiterin der Immundefekt-Ambulanz der Charit\u00e9 Universit\u00e4tsmedizin Berlin, und mit <strong>Daniel Loy<\/strong>, Hauptpetent der #SIGNforMECFS-Petition. Themen waren unter anderem Versorgungslage, Forschungsans\u00e4tze sowie politischer Handlungsbedarf bei ME\/CFS &#8211; und unsere Petition 122600 an den Deutschen Bundestag.<\/p>\n\n\n\n<p>Eine Aufzeichnung des Interviews &#8222;Untersch\u00e4tzte Gefahr ME\/CFS&#8220; findet sich auf Youtube <a rel=\"noreferrer noopener\" href=\"https:\/\/youtu.be\/3KHra6RaJQ4\" target=\"_blank\">an dieser Stelle<\/a>.<\/p>\n\n\n\n<figure class=\"wp-block-image size-full is-resized\"><img decoding=\"async\" src=\"https:\/\/signformecfs.de\/wp-content\/uploads\/2022\/10\/deutschewelle.jpeg\" alt=\"\" class=\"wp-image-885\" style=\"width:842px\" width=\"842\" srcset=\"https:\/\/signformecfs.de\/wp-content\/uploads\/2022\/10\/deutschewelle.jpeg 1024w, https:\/\/signformecfs.de\/wp-content\/uploads\/2022\/10\/deutschewelle-300x150.jpeg 300w, https:\/\/signformecfs.de\/wp-content\/uploads\/2022\/10\/deutschewelle-768x384.jpeg 768w\" sizes=\"(max-width: 1024px) 100vw, 1024px\" \/><figcaption class=\"wp-element-caption\">Interview der Deutschen Welle mit Prof. Dr. Carmen Scheibenbogen (rechts) und Daniel Loy (links).<\/figcaption><\/figure>\n\n\n\n<br>\n\n\n\n<h2 class=\"wp-block-heading\">1. Oktober 2022<\/h2>\n\n\n\n<p><strong>Informationen zum aktuellen Stand des Petitionsverfahrens im Deutschen Bundestag<\/strong><\/p>\n\n\n\n<p>Die Sommerpause des Bundestages ist seit einigen Wochen vor\u00fcber, deswegen ist es Zeit f\u00fcr ein Update. Im parlamentarischen Verfahren zu unserer #SIGNforMECFS-Petition 122600 steht als n\u00e4chster Schritt weiterhin ein sog. <strong>Berichterstattergespr\u00e4ch<\/strong> bevor. Nach aktueller Auskunft des Sekretariats des Petitionsausschusses steht bislang aber noch kein Termin f\u00fcr dieses Gespr\u00e4ch fest. Wir werden \u00fcber den Fortgang informieren, sobald uns Neuigkeiten bekannt werden.<\/p>\n\n\n\n<br>\n\n\n\n<h2 class=\"wp-block-heading\">12. September 2022<\/h2>\n\n\n\n<p>Heute veranstaltet der Th\u00fcringer Landtagsabgeordnete <strong>Robert-Martin Montag<\/strong> (FDP) um 18:30 Uhr live auf Twitter einen gesundheitspolitischen Talk zum Thema: <em>&#8222;ME\/CFS &#8211; das stille Leiden beenden!&#8220;<\/em> <\/p>\n\n\n\n<p>G\u00e4ste sind <strong>Prof. Dr. Carmen Scheibenbogen<\/strong>, <strong>Prof. Dr. Uta Behrends<\/strong> und <strong>Daniel Loy<\/strong> f\u00fcr das #SIGNforMECFS-Team. Gegenstand des Gespr\u00e4chs ist insbesondere auch unsere Petition 122600 an den Deutschen Bundestag. Die Aufzeichnung kann auf YouTube <a href=\"https:\/\/youtu.be\/2V4MWh42WOE\" target=\"_blank\" rel=\"noreferrer noopener\">an dieser Stelle<\/a> abgerufen werden.<\/p>\n\n\n\n<figure class=\"wp-block-image size-large is-resized\"><img decoding=\"async\" src=\"https:\/\/signformecfs.de\/wp-content\/uploads\/2022\/09\/RMM-gesundheitspolitischer-Talk-1024x582.jpg\" alt=\"\" class=\"wp-image-870\" style=\"width:842px\" width=\"842\" srcset=\"https:\/\/signformecfs.de\/wp-content\/uploads\/2022\/09\/RMM-gesundheitspolitischer-Talk-1024x582.jpg 1024w, https:\/\/signformecfs.de\/wp-content\/uploads\/2022\/09\/RMM-gesundheitspolitischer-Talk-300x170.jpg 300w, https:\/\/signformecfs.de\/wp-content\/uploads\/2022\/09\/RMM-gesundheitspolitischer-Talk-768x436.jpg 768w, https:\/\/signformecfs.de\/wp-content\/uploads\/2022\/09\/RMM-gesundheitspolitischer-Talk-1536x873.jpg 1536w, https:\/\/signformecfs.de\/wp-content\/uploads\/2022\/09\/RMM-gesundheitspolitischer-Talk.jpg 1600w\" sizes=\"(max-width: 1024px) 100vw, 1024px\" \/><figcaption class=\"wp-element-caption\">Gesundheitspolitischer Talk von Robert-Martin Montag am 12. September 2022 um 18:30 Uhr live auf Twitter.<\/figcaption><\/figure>\n\n\n\n<br>\n\n\n\n<h2 class=\"wp-block-heading\">06. Juli 2022<\/h2>\n\n\n\n<p>Heute findet im Deutschen Bundestag ein von den Abgeordneten <em>Linda Heitmann<\/em> (B\u00fcndnis 90\/Die Gr\u00fcnen), <em>Martina Stamm-Fibich<\/em> (SPD) und <em>Prof. Dr. Andrew Ullmann<\/em> (FDP) organisiertes <strong>Fachgespr\u00e4ch <\/strong>statt: <strong>&#8222;Zukunft der ME\/CFS-Versorgung in Deutschland&#8220;<\/strong>. Die #SIGNforMECFS-Petition wird bei dieser Veranstaltung durch den Hauptpetenten <em>Daniel Loy<\/em> vertreten.<\/p>\n\n\n\n<p>Wir haben aus diesem Anlass gemeinsam mit #MillionsMissing Deutschland ein <a rel=\"noreferrer noopener\" href=\"https:\/\/signformecfs.de\/downloads\/mmd-signformecfs-positionspapier-fachgespraech.pdf\" target=\"_blank\"><strong>Positionspapier<\/strong><\/a> (pdf) verfasst und den Abgeordneten vorab zur Verf\u00fcgung gestellt. Unser priorisiertes Anliegen besteht vor allem in schnell umsetzbaren Aktionen, die zu einer zeitnahen Verbesserung der Lebenswirklichkeit der ME\/CFS-Betroffenen f\u00fchren k\u00f6nnten, nach dem Motto: <em>&#8222;Wir ben\u00f6tigen kurzfristige Ma\u00dfnahmen, insbesondere Aufkl\u00e4rung und Kommunikation!&#8220;<\/em> Denn immer noch leben ME\/CFS-Betroffene und ihre Angeh\u00f6rigen in einer akuten Notsituation, Tag f\u00fcr Tag, Monat f\u00fcr Monat, Jahr f\u00fcr Jahr.<\/p>\n\n\n\n<p>Die Aufzeichnung der Veranstaltung steht auf <a href=\"https:\/\/youtu.be\/9am-95MccP0\" target=\"_blank\" rel=\"noreferrer noopener\">Youtube<\/a> zur Verf\u00fcgung.<\/p>\n\n\n\n<p>Den Kurzbeitrag von Daniel Loy stellen wir <a rel=\"noreferrer noopener\" href=\"https:\/\/signformecfs.de\/downloads\/signformecfs-redebeitrag-fachgespraech.pdf\" target=\"_blank\">hier (pdf)<\/a> in Textform zur Verf\u00fcgung. Da der Redebeitrag gegen Ende durch die Sitzungsleitung unterbrochen wurde, handelt es sich dabei teilweise um ein Transkript, das um den nicht mehr gesprochenen Teil erg\u00e4nzt ist.<\/p>\n\n\n\n<figure class=\"wp-block-image size-full is-resized\"><img loading=\"lazy\" decoding=\"async\" src=\"https:\/\/signformecfs.de\/wp-content\/uploads\/2022\/07\/Fachgespraech.jpeg\" alt=\"\" class=\"wp-image-853\" style=\"object-fit:contain;width:842px;height:421px\" width=\"842\" height=\"421\" srcset=\"https:\/\/signformecfs.de\/wp-content\/uploads\/2022\/07\/Fachgespraech.jpeg 1024w, https:\/\/signformecfs.de\/wp-content\/uploads\/2022\/07\/Fachgespraech-300x150.jpeg 300w, https:\/\/signformecfs.de\/wp-content\/uploads\/2022\/07\/Fachgespraech-768x384.jpeg 768w\" sizes=\"auto, (max-width: 842px) 100vw, 842px\" \/><figcaption class=\"wp-element-caption\"><strong><a rel=\"noreferrer noopener\" href=\"https:\/\/signformecfs.de\/downloads\/mmd-signformecfs-positionspapier-fachgespraech.pdf\" target=\"_blank\">Gemeinsames Positionspapier<\/a><\/strong> von #MillionsMissing Deutschland und dem Team #SIGNforMECFS.<\/figcaption><\/figure>\n\n\n\n<br>\n\n\n\n<h2 class=\"wp-block-heading\">01. Juli 2022<\/h2>\n\n\n\n<p>Mittlerweile liegt uns zu unserer Petition eine <strong>Stellungnahme des Bundesministeriums f\u00fcr Gesundheit<\/strong> (BMG) vom 20. Mai 2022 vor (Az. 321 -45\/Loy\/22). Wir sind entt\u00e4uscht, dass diese auf wesentliche Forderungen der Petition gar nicht eingeht und dass viele Aussagen erkennen lassen, dass auf Referatsebene eine Auseinandersetzung mit dem Thema ME\/CFS, mit dem Vorbringen unserer Petition, mit den Inhalten der Anh\u00f6rung oder auch mit unserer eigenen Stellungnahme vom 24. Februar 2022 weiterhin allenfalls unzureichend erfolgt ist.<\/p>\n\n\n\n<p>Hinzu kommt, dass dieselbe Stellungnahme vom B\u00fcrgerservice des BMG wenige Tage sp\u00e4ter wortlautidentisch der Patientenorganisation <a rel=\"noreferrer noopener\" href=\"https:\/\/millionsmissing.de\/\" data-type=\"URL\" data-id=\"https:\/\/millionsmissing.de\/\" target=\"_blank\">#MillionsMissing Deutschland<\/a> ebenfalls zugesendet worden ist, diesmal als Reaktion auf die gro\u00dfe Postkartenaktion zum 12. Mai, dem internationalen ME\/CFS-Tag. In deren Rahmen hat die Leitung des BMG rund 1.000 pers\u00f6nliche Postkarten von schwerkranken ME\/CFS-Betroffenen oder ihren Angeh\u00f6rigen erhalten, in denen die eigene verzweifelte Lage geschildert und dringend um Hilfe gebeten wird. Auf diesen neuerlichen Hilferuf so vieler schwerkranker Menschen wurde also mit blo\u00dfem \u201ecopy and paste\u201c reagiert. Es schmerzt uns sehr, dass sich das Ministerium nach seinem Schweigen am 12. Mai damit schon wieder unwillig gezeigt hat, uns wenigstens durch wohlwollende und deutliche Kommunikation beizustehen.<\/p>\n\n\n\n<p>Weiterhin vermitteln unsere pers\u00f6nlichen Kontakte mit Abgeordneten, ihre Reaktionen bzw. Fragen w\u00e4hrend der Anh\u00f6rung und das bereits gezeigte Engagement in Sachen ME\/CFS aber den Eindruck, dass die gro\u00dfe Not und Verzweiflung der vielen ME\/CFS-Betroffenen sowie der dringende Handlungsbedarf von unseren Volksvertretern erkannt worden sind. Wir haben uns daher abermals mit einem pers\u00f6nlichen Schreiben an die Abgeordneten des Petitionsausschusses gewendet. <strong>\u00dcber s\u00e4mtliche aktuelle Entwicklungen informieren wir in einer neuen <a rel=\"noreferrer noopener\" href=\"https:\/\/www.signformecfs.de\/downloads\/signformecfs-presseinformation-2022-07-01.pdf\" target=\"_blank\">Presseinformation<\/a>.<\/strong> Diesem Dokument haben wir als Anlage auch die Stellungnahme des BMG beigef\u00fcgt.<\/p>\n\n\n\n<figure class=\"wp-block-image size-full is-resized\"><img loading=\"lazy\" decoding=\"async\" src=\"https:\/\/signformecfs.de\/wp-content\/uploads\/2022\/07\/Presseinformation-2.jpeg\" alt=\"\" class=\"wp-image-847\" style=\"object-fit:contain;width:842px;height:421px\" width=\"842\" height=\"421\" srcset=\"https:\/\/signformecfs.de\/wp-content\/uploads\/2022\/07\/Presseinformation-2.jpeg 1024w, https:\/\/signformecfs.de\/wp-content\/uploads\/2022\/07\/Presseinformation-2-300x150.jpeg 300w, https:\/\/signformecfs.de\/wp-content\/uploads\/2022\/07\/Presseinformation-2-768x384.jpeg 768w\" sizes=\"auto, (max-width: 842px) 100vw, 842px\" \/><figcaption class=\"wp-element-caption\">Das Hintergrundbild zeigt den Gerickesteg in Berlin im November 2021.<\/figcaption><\/figure>\n\n\n\n<br>\n\n\n\n<h2 class=\"wp-block-heading\">04. Mai 2022<\/h2>\n\n\n\n<p>Der Fachbereich 9 der <strong>Wissenschaftlichen Dienste des Deutschen Bundestages<\/strong> hat Informationen \u00fcber den &#8222;Bedarf an Versorgung und Forschung zu Myalgische Enzephalomyelitis\/ Chronisches Fatigue Syndrom (ME\/CFS)&#8220; zusammengetragen und am heutigen Tage ver\u00f6ffentlicht.<\/p>\n\n\n\n<p>In der <a href=\"https:\/\/www.bundestag.de\/resource\/blob\/892756\/b2a6381e62c7038914cae3781b18269b\/Chronisches-Fatigue-Syndrom-ME-CFS-data.pdf\" target=\"_blank\" rel=\"noreferrer noopener\">Ausarbeitung (pdf)<\/a> wird insbesondere auch auf die #SIGNforMECFS-Anh\u00f6rung am 14. Februar 2022 Bezug genommen:<\/p>\n\n\n\n<blockquote class=\"wp-block-quote is-style-default is-layout-flow wp-block-quote-is-layout-flow\">\n<p>Mitte Februar dieses Jahres hat der Petitionsausschuss des Deutschen Bundestages \u00fcber die Situation von Menschen, die an ME\/CFS erkrankt sind, in einer \u00f6ffentlichen Sitzung diskutiert. In der zugrundeliegenden \u00f6ffentlichen Petition, der sich mehr als 90.000 Personen angeschlossen haben, wird kritisiert, dass es aktuell weder Behandlungsans\u00e4tze noch ausreichende Versorgungsstrukturen gibt.<\/p>\n<cite>&#8222;Aktueller Begriff: Bedarf an Versorgung und Forschung zu Myalgische Enzephalomyelitis\/ Chronisches Fatigue Syndrom (ME\/CFS)&#8220;, Wissenschaftliche Dienste des Deutschen Bundestages, Nr. 08\/22 (04. Mai 2022).<\/cite><\/blockquote>\n\n\n\n<br>\n\n\n\n<h2 class=\"wp-block-heading\">24. Februar 2022<\/h2>\n\n\n\n<p>Heute haben wir eine Stellungnahme an die Abgeordneten des Petitionsausschusses versendet. Darin gehen wir insbesondere auf einige Einlassungen der Bundesregierung w\u00e4hrend der Anh\u00f6rung vom 14. Februar 2022 ein. Unsere Stellungnahme kann <a href=\"https:\/\/www.signformecfs.de\/downloads\/SIGNforMECFS-StellungnahmeAnhoerung.pdf\" target=\"_blank\" rel=\"noreferrer noopener\">an dieser Stelle<\/a> heruntergeladen werden.<\/p>\n\n\n\n<p>Au\u00dferdem haben wir alle Informationen zur \u00f6ffentlichen Anh\u00f6rung im Petitionsausschuss des Deutschen Bundestages auf einer <a href=\"https:\/\/signformecfs.de\/?page_id=730\">eigenen Seite<\/a> zusammengestellt.<\/p>\n\n\n\n<p>Hingewiesen sei auch noch einmal auf unser <a href=\"https:\/\/signformecfs.de\/?page_id=692\">Pressearchiv<\/a>. Dort ist selbstverst\u00e4ndlich auch die bisherige Berichterstattung zur #SIGNforMECFS-Anh\u00f6rung zu finden.<\/p>\n\n\n\n<br>\n\n\n\n<h2 class=\"wp-block-heading\" id=\"14-februar-2022\">14. Februar 2022<\/h2>\n\n\n\n<p>Heute fand im Petitionsausschuss des Deutschen Bundestages die <strong>\u00f6ffentliche Anh\u00f6rung<\/strong> zu unserer Petition 122600 &#8222;Versorgung, Forschung und politische Unterst\u00fctzung f\u00fcr ME\/CFS-Betroffene!&#8220; statt. Die Anliegen unserer Petition wurden in der Sitzung durch <strong>Daniel Loy<\/strong> als Hauptpetenten sowie durch <strong><a href=\"https:\/\/immunologie.charite.de\/metas\/person\/person\/address_detail\/scheibenbogen-3\/\" target=\"_blank\" rel=\"noreferrer noopener\">Prof. Dr. Carmen Scheibenbogen<\/a><\/strong>, Leiterin der Immundefekt-Ambulanz der Charit\u00e9 Universit\u00e4tsmedizin Berlin, als ausgewiesener Expertin vertreten.<\/p>\n\n\n\n<p>Die Sitzung wurde in einem Hybridformat durchgef\u00fchrt und im Parlamentsfernsehen des Deutschen Bundestages live \u00fcbertragen. Eine Aufzeichnung der rund eine Stunde langen Anh\u00f6rung kann dauerhaft <a rel=\"noreferrer noopener\" href=\"https:\/\/dbtg.tv\/cvid\/7533595\" target=\"_blank\">an dieser Stelle<\/a> abgerufen werden.<\/p>\n\n\n\n<p>Die Fragen der Bundestagsabgeordneten zeigten, dass die Petition im Ausschuss ein Bewusstsein f\u00fcr den dringenden Handlungsbedarf in Sachen ME\/CFS geschaffen hat. Wir werden in K\u00fcrze noch ausf\u00fchrlicher \u00fcber die Anh\u00f6rung berichten und dann vor allem auch n\u00e4her auf diejenigen Punkte eingehen, die in der Anh\u00f6rung aus Zeitgr\u00fcnden nicht abschlie\u00dfend er\u00f6rtert werden konnten.<\/p>\n\n\n\n<figure class=\"wp-block-image size-large\"><img loading=\"lazy\" decoding=\"async\" width=\"1024\" height=\"497\" src=\"https:\/\/signformecfs.de\/wp-content\/uploads\/2022\/02\/Anhoerung-1024x497.png\" alt=\"\" class=\"wp-image-720\" srcset=\"https:\/\/signformecfs.de\/wp-content\/uploads\/2022\/02\/Anhoerung-1024x497.png 1024w, https:\/\/signformecfs.de\/wp-content\/uploads\/2022\/02\/Anhoerung-300x146.png 300w, https:\/\/signformecfs.de\/wp-content\/uploads\/2022\/02\/Anhoerung-768x373.png 768w, https:\/\/signformecfs.de\/wp-content\/uploads\/2022\/02\/Anhoerung-1536x746.png 1536w, https:\/\/signformecfs.de\/wp-content\/uploads\/2022\/02\/Anhoerung.png 1673w\" sizes=\"auto, (max-width: 1024px) 100vw, 1024px\" \/><figcaption class=\"wp-element-caption\">\u00d6ffentliche Anh\u00f6rung zu ME\/CFS im Petitionsausschuss des Deutschen Bundestages am 14. Februar 2022.<\/figcaption><\/figure>\n\n\n\n<p>Vor Beginn der Ausschusssitzung des Deutschen Bundestages zur #SIGNforMECFS-Petition \u00fcberreichte gestern au\u00dferdem die 16-j\u00e4hrige Tochter einer Mitpetentin mehr als 230 pers\u00f6nliche Botschaften von ME\/CFS-Betroffenen. Unser Dank gilt an dieser Stelle Frau Prof. Scheibenbogen und den Abgeordneten des Deutschen Bundestages <strong>Sebastian Brehm <\/strong>(CSU), <strong>Linda Heitmann<\/strong> (B\u00fcndnis 90\/Die Gr\u00fcnen), <strong>Kordula Schulz-Asche<\/strong> (B\u00fcndnis 90\/Die Gr\u00fcnen) sowie <strong>Martina Stamm-Fibich<\/strong> (SPD), dass Sie sich die Zeit daf\u00fcr genommen haben! Martina Stamm-Fibich nahm anschlie\u00dfend als Vorsitzende des Petitionsausschusses die Botschaften der Betroffenen stellvertretend entgegen. Die pers\u00f6nlichen Botschaften k\u00f6nnen <a href=\"https:\/\/www.kudoboard.com\/boards\/mwiENzKC\" target=\"_blank\" rel=\"noreferrer noopener\">an dieser Stelle<\/a> auch online eingesehen werden.<\/p>\n\n\n\n<figure class=\"wp-block-image size-full\"><img loading=\"lazy\" decoding=\"async\" width=\"1024\" height=\"512\" src=\"https:\/\/signformecfs.de\/wp-content\/uploads\/2022\/02\/kudoboard.jpg\" alt=\"\" class=\"wp-image-721\" srcset=\"https:\/\/signformecfs.de\/wp-content\/uploads\/2022\/02\/kudoboard.jpg 1024w, https:\/\/signformecfs.de\/wp-content\/uploads\/2022\/02\/kudoboard-300x150.jpg 300w, https:\/\/signformecfs.de\/wp-content\/uploads\/2022\/02\/kudoboard-768x384.jpg 768w\" sizes=\"auto, (max-width: 1024px) 100vw, 1024px\" \/><figcaption class=\"wp-element-caption\">\u00dcbergabe von mehr als 230 Botschaften ME\/CFS-Betroffener an Abgeordnete des Deutschen Bundestages.<\/figcaption><\/figure>\n\n\n\n<p>Der <strong>Tagesspiegel <\/strong><a href=\"https:\/\/www.tagesspiegel.de\/wissen\/petition-zu-me-cfs-im-bundestag-heute-hoert-uns-der-deutsche-bundestag-unmittelbar-zu\/28068032.html\" target=\"_blank\" rel=\"noreferrer noopener\">berichtete<\/a> \u00fcber die Anh\u00f6rung im Deutschen Bundestag und zitierte insbesondere Frau Prof. Scheibenbogen: <em>&#8222;&#8218;Es muss am Ende einfach mal von Herrn Lauterbach gesagt werden: Das ist ein Riesenproblem!&#8216; Dann w\u00e4re vielleicht eine Bereitschaft da, so Scheibenbogen. &#8218;Aber solange die Mehrheit der \u00c4rzte denkt, das ist keine ernstzunehmende Erkrankung oder es ist eine psychosomatische Erkrankung, wird sich nichts \u00e4ndern und es reicht nicht aus, wenn ich das sage.'&#8220;<\/em><\/p>\n\n\n\n<br>\n\n\n\n<h2 class=\"wp-block-heading\" id=\"11-februar-2022\">11. Februar 2022<\/h2>\n\n\n\n<p>Der Termin unserer \u00f6ffentlichen Anh\u00f6rung im Petitionsausschuss hat sich noch einmal geringf\u00fcgig verschoben auf: <br><br><strong>Montag, 14. Februar 2022, 12:00 bis 13:00 Uhr.<\/strong><br><br>Die Anh\u00f6rung wird im <a rel=\"noreferrer noopener\" href=\"https:\/\/www.bundestag.de\/mediathek\" target=\"_blank\">Parlamentsfernsehen<\/a> live \u00fcbertragen und wird anschlie\u00dfend in der Mediathek verf\u00fcgbar sein.<\/p>\n\n\n\n<p>Au\u00dferdem gibt es einen weiteren <strong>Ausz\u00e4hlungsstand<\/strong>: Danach haben nun insgesamt <strong>97.210 <\/strong>Menschen unsere #SIGNforMECFS-Petition durch ihre Unterschrift unterst\u00fctzt! Daf\u00fcr gilt allen unser herzlicher Dank!<\/p>\n\n\n\n<br>\n\n\n\n<p> <\/p>\n\n\n\n<h2 class=\"wp-block-heading\" id=\"17-januar-2022\">17. Januar 2022<\/h2>\n\n\n\n<p>Nun steht der Termin fest: <strong>Am Montag, 14. Februar 2022, ist im Deutschen Bundestag um voraussichtlich 13:00 Uhr eine einst\u00fcndige Ausschussanh\u00f6rung zu unserer Petition geplant<\/strong>. Die Veranstaltung wird im Internet live \u00fcbertragen. \u00dcber die weiteren Einzelheiten werden wir in den n\u00e4chsten Wochen auch an dieser Stelle noch informieren. <\/p>\n\n\n\n<p>Ferner liegt uns ein neuer Ausz\u00e4hlungsstand vor: Danach haben insgesamt <strong>95.792 <\/strong>Menschen unsere #SIGNforMECFS-Petition durch ihre Unterschrift unterst\u00fctzt. Noch einmal herzlichen Dank an alle, die dieses gro\u00dfartige Resultat m\u00f6glich gemacht haben!<\/p>\n\n\n\n<p>Au\u00dferdem m\u00f6chten wir noch einmal auf unser <strong><a href=\"http:\/\/bit.ly\/signformecfskudoboard\" target=\"_blank\" rel=\"noreferrer noopener\">Kudoboard<\/a> <\/strong>hinweisen: Auf dieser Plattform haben alle von ME\/CFS Betroffenen und deren Angeh\u00f6rige, aber auch Freundeskreise oder medizinisches Personal die M\u00f6glichkeit, in einer pers\u00f6nlichen Botschaft ihre W\u00fcnsche an die Abgeordneten des Deutschen Bundestages zu formulieren.<\/p>\n\n\n\n<br>\n\n\n\n<h2 class=\"wp-block-heading\" id=\"16-november-2021\">16. November 2021<\/h2>\n\n\n\n<p>Heute wurde auf der Webseite des Deutschen Bundestages ein vorl\u00e4ufiges Gesamtergebnis unserer Petition <a rel=\"noreferrer noopener\" href=\"https:\/\/epetitionen.bundestag.de\/petitionen\/_2021\/_04\/_09\/Petition_122600.$$$.a.u.html\" target=\"_blank\">ver\u00f6ffentlicht<\/a>. Danach gingen im Sekretariat des Petitionsausschusses w\u00e4hrend der Mitzeichnungsfrist zus\u00e4tzlich noch jedenfalls 35.267 auf Papier gesammelte Unterschriften ein (Stand: 16.11.2021). Somit haben sich innerhalb von nur 28 Tagen <strong>insgesamt mindestens 93.033 Personen<\/strong> dazu entschlossen, die Anliegen unserer Petition zu unterst\u00fctzen. Dies macht die Petition 122600 auf dem Feld der \u201eKrankheitsbek\u00e4mpfung\u201c zur erfolgreichsten, die \u00fcber das Petitionsportal des Bundestages jemals eingereicht worden ist.<\/p>\n\n\n\n<p>Weitere Informationen haben wir in einer <a href=\"https:\/\/www.signformecfs.de\/downloads\/signformecfs-presseinformation-2021-11-16.pdf\" target=\"_blank\" rel=\"noreferrer noopener\">Presseinformation<\/a> zusammengestellt.<\/p>\n\n\n\n<br>\n\n\n\n<h2 class=\"wp-block-heading\" id=\"09-november-2021\">09. November 2021<\/h2>\n\n\n\n<p>Heute um 23:59 Uhr endete die Mitzeichnungsfrist unserer Petition an den Deutschen Bundestag. Damit gibt es auch ein erstes Endergebnis: <strong>57.766 Online-Mitzeichnungen f\u00fcr #SIGNforMECFS!<\/strong> Das ist eine gro\u00dfartige Anzahl, allen Unterst\u00fctzern gilt unser herzlichster Dank!<\/p>\n\n\n\n<p>Um das Gesamtergebnis der Unterschriftenzahl unserer Petition zu ermitteln, m\u00fcssen nun in Berlin die per Fax oder Post eingegangenen Mitzeichnungen ausgez\u00e4hlt werden. Sobald uns diese Zahl vorliegt, werden wir dar\u00fcber nat\u00fcrlich an dieser Stelle und \u00fcber unsere Social Media-Kan\u00e4le informieren.<\/p>\n\n\n\n<p>Sollte in den n\u00e4chsten Tagen \u00fcbrigens noch jemand bemerken, dass eine Liste mit Unterschriften versehentlich noch nicht eingesendet worden ist oder sollte jemand unbedingt noch mitzeichnen wollen, so bleibt eine Zusendung von Unterschriften an die <a href=\"https:\/\/signformecfs.de\/?page_id=142#post\">bekannte<\/a> Postanschrift \/ Telefaxnummer m\u00f6glich. Diese Mitzeichnungen werden zwar nicht mehr f\u00fcr das offizielle Gesamtergebnis ber\u00fccksichtigt, werden aber unabh\u00e4ngig davon weiter erfasst.<\/p>\n\n\n\n<br>\n\n\n\n<h2 class=\"wp-block-heading\" id=\"07-november-2021\">07. November 2021<\/h2>\n\n\n\n<p>Am Morgen erreichte #SIGNforMECFS die runde Marke von&nbsp;<strong>45.000 Online-Mitzeichnungen \u00fcber das Petitionsportal des Deutschen Bundestages<\/strong>. Unsere Petition ist in einem sensationellen Endspurt und steht kurz vor dem Ziel, das Quorum zu erreichen &#8211; sogar ohne Ber\u00fccksichtigung der auf Papier gesammelten und noch nicht ausgez\u00e4hlten Unterschriften.<\/p>\n\n\n\n<p>Und um <strong>16:58 Uhr<\/strong> war es dann heute endlich soweit: <strong>#SIGNforMECFS hat das Quorum von 50.000 Mitzeichnungen erreicht!<\/strong> Die auf Papier gesammelten und an den Bundestag eingesendeten Unterschriften sind dabei noch nicht ber\u00fccksichtigt. Auch kann die Petition bis zum 9. November um 23:59 Uhr noch weiter mitgezeichnet werden.<\/p>\n\n\n\n<p>Wir sind \u00fcbergl\u00fccklich sowie begeistert und bedanken uns sehr herzlich bei allen, die unterzeichnet haben und \/ oder uns in anderer Weise unterst\u00fctzt haben und noch weiter unterst\u00fctzen! Wir werden an dieser Stelle und \u00fcber unsere Social Media-Kan\u00e4le \u00fcber die n\u00e4chsten Ereignisse und Schritte weiter informieren. <\/p>\n\n\n\n<br>\n\n\n\n<h2 class=\"wp-block-heading\" id=\"06-november-2021\">06. November 2021<\/h2>\n\n\n\n<p>Die \u00fcberregionale Tageszeitung <strong>&#8222;taz am Wochenende&#8220;<\/strong> berichtet heute in ihrer Druckausgabe und <a rel=\"noreferrer noopener\" href=\"https:\/\/taz.de\/!5808848\/\" target=\"_blank\">online<\/a> \u00fcber #SIGNforMECFS in der Rubrik <strong>&#8222;Petition der Woche&#8220;<\/strong>. Danke f\u00fcr die Berichterstattung!<\/p>\n\n\n\n<blockquote class=\"wp-block-quote is-layout-flow wp-block-quote-is-layout-flow\">\n<p>Bislang ist die Krankheit kaum erforscht. Viele haben Schwierigkeiten, \u00fcberhaupt eine Diagnose zu bekommen. Das best\u00e4tigt auch die \u00c4rztin Patricia Grabowski. [&#8230;] \u201eDie Patienten werden alleingelassen\u201c, sagt sie.<\/p>\n<cite>&#8222;Wer an ME\/CFS erkrankt, ist nicht einfach nur m\u00fcde&#8220;, Kathrin Becker, taz am Wochenende, 06. November 2021 (<a href=\"https:\/\/taz.de\/!5808848\/\" target=\"_blank\" rel=\"noreferrer noopener\">Link<\/a>)<\/cite><\/blockquote>\n\n\n\n<br>\n\n\n\n<h2 class=\"wp-block-heading\" id=\"05-november-2021\">05. November 2021<\/h2>\n\n\n\n<p>Am fr\u00fchen Nachmittag erreichte #SIGNforMECFS schon die n\u00e4chste runde Marke:&nbsp;<strong>35.000 Online-Mitzeichnungen \u00fcber das Petitionsportal des Deutschen Bundestages<\/strong>. Damit wurden die letzten 5.000 digitalen Stimmen in nur etwas mehr als einem Tag gesammelt. Gro\u00dfartig!<\/p>\n\n\n\n<p>Der <strong>&#8222;Wiesbadener Erbenheimer Anzeiger&#8220;<\/strong> berichtet heute \u00fcber #SIGNforMECFS. <\/p>\n\n\n\n<blockquote class=\"wp-block-quote is-layout-flow wp-block-quote-is-layout-flow\">\n<p><span style=\"color:#000000\" class=\"tadv-color\">Die Erkrankten k\u00e4mpfen jetzt gemeinsam f\u00fcr Ver\u00e4nderung &#8211; aus ihren Betten heraus. Sie haben online eine Petition gestartet, in der sie medizinische Versorgung, Forschung und politische Unterst\u00fctzung fordern.<\/span><\/p>\n<cite>&#8222;Wiesbadener Erbenheimer Anzeiger&#8220;, 05. November 2021.<\/cite><\/blockquote>\n\n\n\n<p>Au\u00dferdem schrieb die <strong>Sch\u00fclervertretung des Paul-Schneider-Gymnasiums in Meisenheim<\/strong> bereits am 03. November einen <a href=\"https:\/\/www.paul-schneider-gymnasium.de\/blog\/sign-for-mecfs-jede-stimme-zaehlt\/\" target=\"_blank\" rel=\"noreferrer noopener\">Blogbeitrag<\/a> \u00fcber unsere Petition an den Deutschen Bundestag. Herzlichen Dank, \u00fcber diesen gelungenen Artikel freuen wir uns ganz besonders!<\/p>\n\n\n\n<br>\n\n\n\n<h2 class=\"wp-block-heading\" id=\"04-november-2021\">04. November 2021<\/h2>\n\n\n\n<p>Am Morgen erreichte #SIGNforMECFS eine weitere runde Marke:&nbsp;<strong>30.000 Online-Mitzeichnungen \u00fcber das Petitionsportal des Deutschen Bundestages<\/strong>. Wir bedanken uns sehr herzlich bei allen, die unterzeichnet haben und \/ oder uns in anderer Weise unterst\u00fctzen!<\/p>\n\n\n\n<p>Die <strong>&#8222;Mitteldeutsche Zeitung&#8220;<\/strong> berichtet heute in ihrer Druckausgabe <a href=\"https:\/\/www.mz.de\/lokal\/wittenberg\/wittenberger-leidet-seit-virusinfektion-an-multisystemkrankheit-welche-petition-sein-vater-nun-unterstutzt-3271471?reduced=true\" target=\"_blank\" rel=\"noreferrer noopener\">und online<\/a> \u00fcber Volker Nagel und dessen an ME\/CFS erkrankten Sohn Lennart. Der Vater setzt sich jetzt f\u00fcr unsere Petition ein, um seinem Sohn zu helfen. <\/p>\n\n\n\n<blockquote class=\"wp-block-quote is-layout-flow wp-block-quote-is-layout-flow\">\n<p><span style=\"color:#000000\" class=\"tadv-color\">Vor drei Jahren traf Volker Nagel aus Wittenberg auf dem Jakobsweg einen Pilger aus Brasilien, der offenbar sehr hilfsbereit war. [&#8230;] Jetzt hat der Mitwanderer von einst sich erneut als jemand erwiesen, auf den man z\u00e4hlen kann. Als Nagel ihn auf eine an den Deutschen Bundestag gerichtete Petition aufmerksam machte, die ihn sehr besch\u00e4ftigt, hat der Mann in S\u00fcdamerika online unterzeichnet.<\/span><\/p>\n<cite>&#8222;Aus dem Leben gerissen&#8220;, Corinna Nitz, Mitteldeutsche Zeitung, 04. November 2021<\/cite><\/blockquote>\n\n\n\n<p><strong>&#8222;Radio RST&#8220;<\/strong> aus Steinfurt strahlte ein <a rel=\"noreferrer noopener\" href=\"https:\/\/www.radiorst.de\/artikel\/unerforschte-krankheit-petition-an-den-bundestag-1121712.html\" target=\"_blank\">Interview<\/a> mit der an ME\/CFS erkrankten Ingrid aus M\u00fcnster aus. Das Gespr\u00e4ch dreht sich insbesondere um unsere Petition an den Deutschen Bundestag.<\/p>\n\n\n\n<p><strong>&#8222;Faszination Fankurve&#8220;<\/strong> <a rel=\"noreferrer noopener\" href=\"https:\/\/www.faszination-fankurve.de\/index.php?head=Nehmt-Euch-paar-Minuten-Zeit-amp-unterstuetzt-unser-Anliegen&amp;folder=sites&amp;site=news_detail&amp;news_id=23611&amp;fbclid=IwAR3AbDpv4e-_RTc5WNYDBwqkiPpSyiiIIensGaV4DByAOHl5fqCfBqibv3c\" target=\"_blank\">dokumentiert<\/a> heute einen Aufruf der <strong>Gruppa S\u00fcd<\/strong>, einem Fanclub von Hertha BSC Berlin, zur Mitzeichnung von #SIGNforMECFS. Herzlichen Dank f\u00fcr diese Unterst\u00fctzung!<\/p>\n\n\n\n<blockquote class=\"wp-block-quote is-layout-flow wp-block-quote-is-layout-flow\">\n<p><span style=\"color:#000000\" class=\"tadv-color\">Es ist entscheidend, dass sich die Politik endlich ernsthaft mit dem Thema ME\/CFS auseinandersetzt. Dazu wurde eine Petition gestartet, die das Thema direkt in den Bundestag bringen m\u00f6chte. Es wird Zeit, dass alle Unterst\u00fctzer die Kr\u00e4fte b\u00fcndeln und mit einer geschlossenen Aktion alles geben, dass dieser Plan aufgeht.<\/span><\/p>\n<cite>Aufruf der Gruppa S\u00fcd, November 2021 (<a href=\"http:\/\/www.gruppa-sued.de\/wordpress\/?p=2408#comment-1032\" target=\"_blank\" rel=\"noreferrer noopener\">Link<\/a>)<\/cite><\/blockquote>\n\n\n\n<p>Au\u00dferdem wendete sich heute der Bundestagsabgeordnete <strong>Erich Irlstorfer<\/strong> (CSU) <a rel=\"noreferrer noopener\" href=\"https:\/\/www.facebook.com\/ErichIrlstorferMdB\/posts\/4394304300656874?__cft__[0]=AZWNv2cuZiPpBj2ZqEer_7-rSRpi-ayFj89l_qRpE_oCF-LTC1ww4o9CK2ENUbu6BLBl7W2MRRWFYxoEA78FJYfukUBy4Q1G-RfaYXBdwVRpUjsZGTzIMRP60S6UH58EkeCFUkZ24ezrclDCxsqgjNDzDBJpYMmYLYSy44k9sGSNJg&amp;__tn__=%2CO%2CP-R\" target=\"_blank\">\u00fcber die sozialen Medien<\/a> mit Video sowie Textbeitrag an die \u00d6ffentlichkeit und bittet um die Mitzeichnung unserer Petition. Er unterst\u00fctzt dabei ausdr\u00fccklich alle unsere Forderungen an den Deutschen Bundestag. Herzlichen Dank!<\/p>\n\n\n\n<blockquote class=\"wp-block-quote is-layout-flow wp-block-quote-is-layout-flow\">\n<p><span style=\"color:#000000\" class=\"tadv-color\">Wir brauchen die biomedizinische Erforschung dieser Krankheit und wir brauchen endlich Hilfe f\u00fcr die Betroffenen, aber auch f\u00fcr die Angeh\u00f6rigen, dass sie unterst\u00fctzt werden. Es ist notwendig, dass man das auf eine neue Ebene hebt und es ist auch notwendig, dass Geld daf\u00fcr bereitgestellt wird. Die M\u00f6glichkeit dazu besteht zum einen im Koalitionsvertrag und ich hoffe, dass die neue Ampelkoalition das auch ber\u00fccksichtigt. Au\u00dferdem wird hier in dieser Petition gefordert, dass es einen Beauftragten oder eine interfraktionelle Arbeitsgruppe geben soll. Auch das unterst\u00fctze ich und ich hoffe, dass wir jedenfalls hier in eine Richtung gehen, die segensreich ist f\u00fcr die Menschen, die so lange schon auf Hilfe warten.<\/span><\/p>\n<cite>Erich Irlstorfer, MdB, in seiner Videobotschaft vom 04. November 2021<\/cite><\/blockquote>\n\n\n\n<figure class=\"wp-block-image size-full\"><img loading=\"lazy\" decoding=\"async\" width=\"608\" height=\"435\" src=\"https:\/\/signformecfs.de\/wp-content\/uploads\/2021\/11\/Irlstorfer.png\" alt=\"\" class=\"wp-image-663\" srcset=\"https:\/\/signformecfs.de\/wp-content\/uploads\/2021\/11\/Irlstorfer.png 608w, https:\/\/signformecfs.de\/wp-content\/uploads\/2021\/11\/Irlstorfer-300x215.png 300w\" sizes=\"auto, (max-width: 608px) 100vw, 608px\" \/><figcaption class=\"wp-element-caption\">Facebook-Beitrag von Erich Irlstorfer, MdB, vom 04. November 2021 (<a href=\"https:\/\/www.facebook.com\/ErichIrlstorferMdB\/posts\/4394304300656874?__cft__[0]=AZWNv2cuZiPpBj2ZqEer_7-rSRpi-ayFj89l_qRpE_oCF-LTC1ww4o9CK2ENUbu6BLBl7W2MRRWFYxoEA78FJYfukUBy4Q1G-RfaYXBdwVRpUjsZGTzIMRP60S6UH58EkeCFUkZ24ezrclDCxsqgjNDzDBJpYMmYLYSy44k9sGSNJg&amp;__tn__=%2CO%2CP-R\" target=\"_blank\" rel=\"noreferrer noopener\">Link<\/a>)<\/figcaption><\/figure>\n\n\n\n<br>\n\n\n\n<h2 class=\"wp-block-heading\" id=\"03-november-2021\">03. November 2021<\/h2>\n\n\n\n<p>Die <strong>&#8222;Berliner Zeitung&#8220;<\/strong> hat heute einen <a href=\"https:\/\/www.berliner-zeitung.de\/gesundheit-oekologie\/schwer-kranke-fordern-hilfe-petition-zu-mecfs-richtet-sich-an-den-bundestag-li.192604\" target=\"_blank\" rel=\"noreferrer noopener\">Artikel<\/a> \u00fcber unsere #SIGNforMECFS-Petition an den Deutschen Bundestag ver\u00f6ffentlicht.<\/p>\n\n\n\n<blockquote class=\"wp-block-quote is-layout-flow wp-block-quote-is-layout-flow\">\n<p><span style=\"color:#000000\" class=\"tadv-color\">Ziel der Petition ist eine Bundestags-Anh\u00f6rung in \u00f6ffentlicher Ausschusssitzung \u2013 \u00e4hnlich der, die 2019 vor dem Europ\u00e4ischen Parlament stattfand. Damals&nbsp;hielt die Niederl\u00e4nderin Evelien Van Den Brink, selbst schwer erkrankt, eine beeindruckende Rede&nbsp;vor dem&nbsp;Petitionsausschuss.<\/span><\/p>\n<cite>&#8222;Schwer Kranke fordern Hilfe: Petition zu ME\/CFS an den Bundestag&#8220;, Torsten Harmsen, Berliner Zeitung, 03. November 2021 (<a href=\"https:\/\/www.berliner-zeitung.de\/gesundheit-oekologie\/schwer-kranke-fordern-hilfe-petition-zu-mecfs-richtet-sich-an-den-bundestag-li.192604\" target=\"_blank\" rel=\"noreferrer noopener\">Link<\/a>)<\/cite><\/blockquote>\n\n\n\n<p>Auch der &#8222;<strong>Tagesspiegel<\/strong>&#8220; <a rel=\"noreferrer noopener\" href=\"https:\/\/www.tagesspiegel.de\/wissen\/unbekannte-krankheit-me-cfs-mein-koerper-ist-im-wesentlichen-eine-kaputte-lebenserhaltungsmaschine\/27764426.html\" target=\"_blank\">schreibt<\/a> heute \u00fcber ME\/CFS und \u00fcber #SIGNforMECFS.<\/p>\n\n\n\n<blockquote class=\"wp-block-quote is-layout-flow wp-block-quote-is-layout-flow\">\n<p><span style=\"color:#000000\" class=\"tadv-color\">Neben [Marina] Weisband gibt es bereits seit Wochen in den sozialen Medien viele Unterst\u00fctzer der Petition, darunter bekannte Gesichter wie die Schauspieler Jan Josef Liefers und Jasna Fritzi Bauer oder die Musiker Judith Holofernes und Smudo.&nbsp;<\/span><\/p>\n<cite>&#8222;Mein K\u00f6rper ist im Wesentlichen eine kaputte Lebenserhaltungsmaschine&#8220;, Annie Dietzke, Der Tagesspiegel, 03. November 2021 (<a href=\"https:\/\/www.tagesspiegel.de\/wissen\/unbekannte-krankheit-me-cfs-mein-koerper-ist-im-wesentlichen-eine-kaputte-lebenserhaltungsmaschine\/27764426.html\" target=\"_blank\" rel=\"noreferrer noopener\">Link<\/a>)<\/cite><\/blockquote>\n\n\n\n<figure class=\"wp-block-image size-full\"><img loading=\"lazy\" decoding=\"async\" width=\"749\" height=\"495\" src=\"https:\/\/signformecfs.de\/wp-content\/uploads\/2021\/11\/Liefers.png\" alt=\"\" class=\"wp-image-676\" srcset=\"https:\/\/signformecfs.de\/wp-content\/uploads\/2021\/11\/Liefers.png 749w, https:\/\/signformecfs.de\/wp-content\/uploads\/2021\/11\/Liefers-300x198.png 300w\" sizes=\"auto, (max-width: 749px) 100vw, 749px\" \/><figcaption class=\"wp-element-caption\">Tweet von Jan Josef Liefers am 1. November 2021 (<a href=\"https:\/\/twitter.com\/JanJosefLiefers\/status\/1455291933505556489\" target=\"_blank\" rel=\"noreferrer noopener\">Link<\/a>)<\/figcaption><\/figure>\n\n\n\n<p>Ferner erhielt #SIGNforMECFS erneut auch in regionalen Medien Aufmerksamkeit. So berichtet &#8222;<strong>Radio Eins<\/strong>&#8220; aus Coburg \u00fcber die ME\/CFS-Patientin Lisa und \u00fcber unsere Petition. Der <a rel=\"noreferrer noopener\" href=\"https:\/\/www.radioeins.com\/mediathek\/kategorie\/audiothek\/audio\/me-cfs-eine-krankheit-die-das-ganze-leben-einschraenkt\/\" target=\"_blank\">Beitrag<\/a> ist in der Mediathek des Senders verf\u00fcgbar. Vielen Dank an Lisa, dass sie sich trotz ME\/CFS den Belastungen eines Interviews ausgesetzt hat, und an den Sender f\u00fcr die Berichterstattung!<\/p>\n\n\n\n<blockquote class=\"wp-block-quote is-layout-flow wp-block-quote-is-layout-flow\">\n<p><span style=\"color:#000000\" class=\"tadv-color\">[Die Petition an den Deutschen Bundestag] soll die Lage der [von ME\/CFS] Betroffenen in Deutschland verbessern. [&#8230;] Es geht darum, dass diese Krankheit endlich anerkannt wird, dass es endlich Forschung gibt [&#8230;] und allgemein, dass es eine Versorgung gibt!<\/span><\/p>\n<cite>ME\/CFS Patientin Lisa im Interview mit &#8222;Radio Eins&#8220;, 3. November 2021.<\/cite><\/blockquote>\n\n\n\n<p>Dar\u00fcber hinaus besch\u00e4ftigt sich das Nachrichtenportal &#8222;<strong>inFranken.de<\/strong>&#8220; heute in einem <a rel=\"noreferrer noopener\" href=\"https:\/\/www.infranken.de\/lk\/nuernberg\/nuernberg-mutter-39-hat-chronisches-erschoepfungssyndrom-immer-auf-mama-ruecksicht-nehmen-art-5323562\" target=\"_blank\">Beitrag<\/a> mit ME\/CFS und unserer Petition. <\/p>\n\n\n\n<blockquote class=\"wp-block-quote is-layout-flow wp-block-quote-is-layout-flow\">\n<p><span style=\"color:#000000\" class=\"tadv-color\">Mehr Anerkennung und Forschung sind zwei zentrale Forderungen einer Online-Petition, die sich an den Deutschen Bundestag richtet und bis zum Dienstag (9. November 2021) 50.000 Unterschriften zum Ziel hat. Noch ca. 23.000 Stimmen werden allerdings ben\u00f6tigt [&#8230;].<\/span><\/p>\n<cite>&#8222;Muss immer auf Mama R\u00fccksicht nehmen: Mutter (39) braucht nach Herpes-Infektion Rollstuhl&#8220;, inFranken.de, 3. November 2021 (<a href=\"https:\/\/www.infranken.de\/lk\/nuernberg\/nuernberg-mutter-39-hat-chronisches-erschoepfungssyndrom-immer-auf-mama-ruecksicht-nehmen-art-5323562\" target=\"_blank\" rel=\"noreferrer noopener\">Link<\/a>)<\/cite><\/blockquote>\n\n\n\n<p>Auch der &#8222;<strong>Nordkurier<\/strong>&#8220; aus Neubrandenburg <a rel=\"noreferrer noopener\" href=\"https:\/\/www.nordkurier.de\/mecklenburg-vorpommern\/trotz-krankheit-im-klassenzimmer-avatare-vertreten-schueler-0345756511.html\" target=\"_blank\">schreibt<\/a> \u00fcber den schweren Alltag von zwei 14- und 15-j\u00e4hrigen Sch\u00fclern aus Zinnowitz (Usedom), die beide an ME\/CFS erkrankt sind. Am Ende des Beitrages findet auch #SIGNforMECFS Erw\u00e4hnung.<\/p>\n\n\n\n<blockquote class=\"wp-block-quote is-layout-flow wp-block-quote-is-layout-flow\">\n<p><span style=\"color:#000000\" class=\"tadv-color\">Birgit Nsaka weist auf eine Petition hin, die ihr sehr am Herzen liegt. Betroffene&nbsp;haben jetzt ein Gesuch&nbsp;an den Deutschen Bundestag gerichtet. [&#8230;] Bis zum 9. November hoffen die Organisatoren auf 50.000 Unterschriften.<\/span><\/p>\n<cite>&#8222;Trotz Krankheit im Klassenzimmer \u2013 Avatare vertreten Sch\u00fcler&#8220;, Kai Ottenbreit, Nordkurier, 3. November 2021 (<a href=\"https:\/\/www.nordkurier.de\/mecklenburg-vorpommern\/trotz-krankheit-im-klassenzimmer-avatare-vertreten-schueler-0345756511.html\" target=\"_blank\" rel=\"noreferrer noopener\">Link<\/a>)<\/cite><\/blockquote>\n\n\n\n<p><strong>&#8222;Nordbayern.de&#8220;<\/strong>, das Onlineangebot des Verlags N\u00fcrnberger Presse, hat heute ebenfalls einen <a href=\"https:\/\/www.nordbayern.de\/region\/wei%C3%9Fenburg\/chronisches-erschopfungssyndrom-petition-soll-betroffenen-helfen-1.11219783\" target=\"_blank\" rel=\"noreferrer noopener\">Artikel<\/a> \u00fcber ME\/CFS ver\u00f6ffentlicht und erw\u00e4hnt darin unsere Petition.<\/p>\n\n\n\n<p>Schlie\u00dflich erf\u00e4hrt #SIGNforMECFS aber auch international Aufmerksamkeit. Die US-amerikanische Patientenorganisation <strong>&#8222;The MEAction Network&#8220;<\/strong>, bekannt insbesondere als Urheberin der weltweiten #MillionsMissing-Kampagnen, berichtete bereits gestern in einem <a href=\"https:\/\/www.meaction.net\/2021\/11\/02\/get-germany-to-50k-signatures-anyone-can-sign\/\" target=\"_blank\" rel=\"noreferrer noopener\">Beitrag<\/a> \u00fcber unsere Petition an den Deutschen Bundestag und ruft zur Unterst\u00fctzung von #SIGNforMECFS auf.<\/p>\n\n\n\n<blockquote class=\"wp-block-quote is-layout-flow wp-block-quote-is-layout-flow\">\n<p><span style=\"color:#000000\" class=\"tadv-color\">A team of ME\/CFS advocates have launched a petition to raise awareness about the dire situation in Germany. Help Germany get to 50,000 signatures by&nbsp;<strong>Tuesday, Nov. 9th&nbsp;<\/strong>and they will be granted a public hearing in the German Bundestag to finally draw attention to the issue of ME\/CFS .&nbsp;<\/span><\/p>\n<cite>The MEAction Network, 2. November 2021 (<a rel=\"noreferrer noopener\" href=\"https:\/\/www.meaction.net\/2021\/11\/02\/get-germany-to-50k-signatures-anyone-can-sign\/\" target=\"_blank\">Link<\/a>)<\/cite><\/blockquote>\n\n\n\n<br>\n\n\n\n<h2 class=\"wp-block-heading\" id=\"02-november-2021\">02. November 2021<\/h2>\n\n\n\n<p>Sp\u00e4t am gestrigen Abend erreichte #SIGNforMECFS eine runde und ganz wichtige Marke: <strong>25.000 Online-Mitzeichnungen \u00fcber das Petitionsportal des Deutschen Bundestages<\/strong>. Wir bedanken uns sehr herzlich bei allen, die unterzeichnet haben und \/ oder uns in anderer Weise unterst\u00fctzen!<\/p>\n\n\n\n<p>Damit haben wir bereits mehr als 50% des Quorums alleine durch digitale Unterschriften erreicht. Nicht vergessen: <strong>Parallel sammelt #SIGNforMECFS auch Unterschriften auf Papier, die erst nach Ablauf der Mitzeichnungsfrist zu den genannten Online-Mitzeichnungen dazu addiert werden.<\/strong> Es besteht somit weiterhin eine realistische Chance, dass wir am Ende die H\u00fcrde von 50.000 Unterschriften \u00fcberwinden k\u00f6nnen. Au\u00dferdem macht jede zus\u00e4tzliche Mitzeichnung, ganz unabh\u00e4ngig von dem Quorum, das von #SIGNforMECFS schon jetzt ausgehende Signal noch klarer und lauter: <strong>Ganz viele Menschen und Institutionen wollen, dass die untragbaren Zust\u00e4nde f\u00fcr ME\/CFS-Betroffene endlich aufh\u00f6ren!<\/strong> Insofern bleibt es auch f\u00fcr die morgen beginnende letzte Woche der Mitzeichnungsfrist dabei: <strong>Jede Stimme z\u00e4hlt!<\/strong><\/p>\n\n\n\n<p>Auch deswegen freuen wir uns sehr, dass in den letzten Tagen abermals auch <strong>eine Reihe von Politikerinnen \u00f6ffentlich zur Unterst\u00fctzung unserer Petition an den Deutschen Bundestag aufgerufen haben<\/strong>. Herzlichen Dank auch daf\u00fcr! Darunter befinden sich etwa <a rel=\"noreferrer noopener\" href=\"https:\/\/twitter.com\/beerenstark\/status\/1454817846094090244\" target=\"_blank\"><strong>Sigrid Beer<\/strong><\/a>, MdL (Gr\u00fcne, Nordrhein-Westfalen), <a href=\"https:\/\/www.facebook.com\/mehrdad.mostofizadeh\/posts\/10220718964826487?comment_id=10220718968226572&amp;__cft__[0]=AZVWeODstNzCeonXnWbrZGIjGOmgKPjy1-gfpMUlfqx6A5W8TiQiWC1jFrvF6-7f-XK-dprEgyIRcMx-r_q6vtMMrpMw2bgxdH4-Qebn-7P4L7z7-Dx0oZ1foLBAc_x7wcsZD-OIA_rfg-PeHEkQfx7jFvnYxieI25IctJfBrkhO3A&amp;__tn__=R]-R\" target=\"_blank\" rel=\"noreferrer noopener\"><strong>Mehrdad Mostofizadeh<\/strong><\/a>, MdL und Parlamentarischer Gesch\u00e4ftsf\u00fchrer (Gr\u00fcne, Nordrhein-Westfalen), <a rel=\"noreferrer noopener\" href=\"https:\/\/www.facebook.com\/hannanaberspd\/posts\/4483349045064974?__cft__[0]=AZUIh9vb_TvlrCwhLCmRMGl-sJzz9Iv3X0mveoGP5D8NO8II_fgwdcFD5hol_jS0YiVRKgHU-QYDYu8ofNJ8f-pC5f5aftySXLsQkcp0u7XmgnAy4TxpoahX236sWsYL2AA9Uxw7SqljaaM5HJqNIQ2j&amp;__tn__=%2CO%2CP-R\" target=\"_blank\"><strong>Hanna Naber<\/strong><\/a>, MdL und Generalsekret\u00e4rin der SPD Niedersachsen, sowie <strong><a rel=\"noreferrer noopener\" href=\"https:\/\/twitter.com\/PreislerKa\/status\/1454119747914764293\" target=\"_blank\">Karoline Preisler<\/a><\/strong> (FDP, Mecklenburg-Vorpommern). <\/p>\n\n\n\n<figure class=\"wp-block-image size-full\"><img loading=\"lazy\" decoding=\"async\" width=\"746\" height=\"434\" src=\"https:\/\/signformecfs.de\/wp-content\/uploads\/2021\/11\/Preisler.png\" alt=\"\" class=\"wp-image-632\" srcset=\"https:\/\/signformecfs.de\/wp-content\/uploads\/2021\/11\/Preisler.png 746w, https:\/\/signformecfs.de\/wp-content\/uploads\/2021\/11\/Preisler-300x175.png 300w\" sizes=\"auto, (max-width: 746px) 100vw, 746px\" \/><figcaption class=\"wp-element-caption\">Tweet von Karoline Preisler vom 29. Oktober 2021 (<a href=\"https:\/\/twitter.com\/PreislerKa\/status\/1454119747914764293\" target=\"_blank\" rel=\"noreferrer noopener\">Link<\/a>)<\/figcaption><\/figure>\n\n\n\n<p>Auch der <strong>SoVD Niedersachsen<\/strong> hat sich gestern <a href=\"https:\/\/www.facebook.com\/sovdnds\/posts\/4433019226789336?__cft__[0]=AZUok7fHNCNodPvSbg5qVwD_u2-ISj1fmdakjtpxDDYdWzrxjMnLAXPm5813UzImNJ2JN-I1XnGY4LYXAzwb01KtfMy6qDPmw3AGYAgAzXO_BopxxtnziSJUd1xUqNGTTT5qKy4RtnGrlOoYiiNzdLkM&amp;__tn__=%2CO%2CP-R\" target=\"_blank\" rel=\"noreferrer noopener\">via Facebook<\/a> an die \u00d6ffentlichkeit gewendet und zur Mitzeichnung unserer Petition aufgerufen. Vielen Dank!<\/p>\n\n\n\n<blockquote class=\"wp-block-quote is-layout-flow wp-block-quote-is-layout-flow\">\n<p><span style=\"color:#000000\" class=\"tadv-color\">In Deutschland sind rund 250.000 Menschen an \u201eMyalgischer Enzephalomyelitis\/Chronischem Fatigue-Syndrom\u201c erkrankt \u2013 kurz ME\/CFS. Dabei handelt es sich um eine sehr komplexe Multisystemerkrankung, von der besonders h\u00e4ufig junge Menschen betroffen sind und die in vielen F\u00e4llen einen hohen Grad der Behinderung zur Folge hat.<\/span><\/p>\n\n\n\n<p><span style=\"color:#000000\" class=\"tadv-color\">Trotzdem wird die Krankheit derzeit nicht erforscht \u2013 es gibt keine Therapie und die genauen Ursachen sind bis heute nicht bekannt. Betroffene bekommen also keine Hilfe! Das soll sich mit einer an den Deutschen Bundestag gerichtete Petition \u00e4ndern. Helfen Sie mit!<\/span><\/p>\n<cite>SoVD Landesverband Niedersachsen, 2. November 2021, via <a href=\"https:\/\/www.facebook.com\/sovdnds\/posts\/4433019226789336?__cft__[0]=AZUok7fHNCNodPvSbg5qVwD_u2-ISj1fmdakjtpxDDYdWzrxjMnLAXPm5813UzImNJ2JN-I1XnGY4LYXAzwb01KtfMy6qDPmw3AGYAgAzXO_BopxxtnziSJUd1xUqNGTTT5qKy4RtnGrlOoYiiNzdLkM&amp;__tn__=%2CO%2CP-R\" target=\"_blank\" rel=\"noreferrer noopener\">Facebook<\/a><\/cite><\/blockquote>\n\n\n\n<br>\n\n\n\n<h2 class=\"wp-block-heading\" id=\"01-november-2021\">01. November 2021<\/h2>\n\n\n\n<p>Die Schauspielerin <strong>Jasna Fritzi Bauer<\/strong> (bekannt u.a. aus ihrer Rolle als Ermittlerin im &#8222;Tatort&#8220; aus Bremen) hat heute <a href=\"https:\/\/www.instagram.com\/tv\/CVuqFq6qCXZ\/?utm_medium=share_sheet\" target=\"_blank\" rel=\"noreferrer noopener\">auf Instagram<\/a> ein sehr pers\u00f6nliches Video gepostet, in dem sie zur Mitzeichnung von #SIGNforMECFS aufruft. \u00dcber diese Unterst\u00fctzung freuen wir uns sehr, ganz herzlichen Dank!<\/p>\n\n\n\n<figure class=\"wp-block-image size-large\"><img loading=\"lazy\" decoding=\"async\" width=\"843\" height=\"754\" src=\"https:\/\/signformecfs.de\/wp-content\/uploads\/2021\/11\/JasnaFritziBauerInstagram.png\" alt=\"\" class=\"wp-image-626\" srcset=\"https:\/\/signformecfs.de\/wp-content\/uploads\/2021\/11\/JasnaFritziBauerInstagram.png 843w, https:\/\/signformecfs.de\/wp-content\/uploads\/2021\/11\/JasnaFritziBauerInstagram-300x268.png 300w, https:\/\/signformecfs.de\/wp-content\/uploads\/2021\/11\/JasnaFritziBauerInstagram-768x687.png 768w\" sizes=\"auto, (max-width: 843px) 100vw, 843px\" \/><figcaption class=\"wp-element-caption\">Beitrag von Jasna Fritzi Bauer auf Instagram vom 1. November 2021 (<a href=\"https:\/\/www.instagram.com\/tv\/CVuqFq6qCXZ\/?utm_medium=share_sheet\" target=\"_blank\" rel=\"noreferrer noopener\">Link<\/a>)<\/figcaption><\/figure>\n\n\n\n<p>Au\u00dferdem berichten heute sowohl der <strong><a rel=\"noreferrer noopener\" href=\"https:\/\/web.hockey.de\/news\/4jfy33.html\" target=\"_blank\">Deutsche Hockey Bund<\/a><\/strong>, die <strong><a rel=\"noreferrer noopener\" href=\"https:\/\/worldmealliance.org\/2021\/11\/sign-petition-to-support-german-people-with-me\/\" target=\"_blank\">World ME Alliance<\/a><\/strong> sowie das <strong><a href=\"https:\/\/www.deutsches-jagdportal.de\/portal\/index.php\/aktuelles\/11530-off-topic-unsere-mitbegruenderin-und-webmasterin-braucht-dringend-unsere-solidaritaet\" target=\"_blank\" rel=\"noreferrer noopener\">Deutsche Jagdportal<\/a><\/strong> auf ihren Webseiten \u00fcber #SIGNforMECFS und fordern zur Mitzeichnung unserer Petition auf. Vielen Dank!<\/p>\n\n\n\n<br>\n\n\n\n<h2 class=\"wp-block-heading\" id=\"29-oktober-2021\">29. Oktober 2021<\/h2>\n\n\n\n<p>Die regionale Tageszeitung &#8222;<strong>Freie Presse&#8220;<\/strong> berichtet in ihrer gedruckten Ausgabe und <a rel=\"noreferrer noopener\" href=\"https:\/\/www.freiepresse.de\/vogtland\/reichenbach\/wenn-man-mit-17-zum-pflegefall-wird-artikel11797599\" target=\"_blank\">online<\/a> (Paywall) \u00fcber das Schicksal einer 17-j\u00e4hrigen ME\/CFS-Betroffenen und auch \u00fcber unsere Petition an den Deutschen Bundestag. Wir freuen uns sehr \u00fcber die Berichterstattung und danken allen, die sich so f\u00fcr den Erfolg unserer Petition einsetzen!<\/p>\n\n\n\n<blockquote class=\"wp-block-quote is-layout-flow wp-block-quote-is-layout-flow\">\n<p><span style=\"color:#000000\" class=\"tadv-color\">Vor 14 Tagen sind Patrizias Eltern und ihr Onkel Sven H\u00f6rning auf der Plattform millionsmissing.de im Internet auf eine Petition aufmerksam geworden, die sich an den Petitionsausschuss des Bundestages richtet. [&#8230;] Seither sammeln sie Unterschriften. &#8222;Ich habe 200 Kontakte angeschrieben und Listen in der Apotheke im Blauen Haus ausgelegt&#8220;, erkl\u00e4rt Sven H\u00f6rning. Seine Schwester Yvonne zeigt ausgef\u00fcllte Listen.<\/span><\/p>\n<cite>Freie Presse vom 29.10.2021<\/cite><\/blockquote>\n\n\n\n<p>Au\u00dferdem erreichte #SIGNforMECFS heute nach rund 17 Tagen der Mitzeichnungsfrist die runde Marke von <strong>20.000 Online-Mitzeichnungen<\/strong> \u00fcber das Petitionsportal des Deutschen Bundestages. Herzlichen Dank!<\/p>\n\n\n\n<br>\n\n\n\n<h2 class=\"wp-block-heading\" id=\"28-oktober-2021\">28. Oktober 2021<\/h2>\n\n\n\n<p>Der M\u00f6nchengladbacher &#8222;<strong>Lokalbote<\/strong>&#8220; <a rel=\"noreferrer noopener\" href=\"https:\/\/www.der-lokalbote.de\/index.php?id=27&amp;no_cache=1&amp;tx_ttnews%5Btt_news%5D=10322&amp;cHash=d71b0f82894de8016549b5a412bf1418\" target=\"_blank\">berichtet<\/a> heute \u00fcber ME\/CFS und \u00fcber unser Petitionsprojekt. Der Artikel erw\u00e4hnt auch eine bevorstehende <strong>Unterschriftensammlung <\/strong>am kommenden Wochenende zur Unterst\u00fctzung von #SIGNforMECFS. Dar\u00fcber freuen wir uns sehr, herzlichen Dank! Nachtrag: Am 29. Oktober <a href=\"https:\/\/mg-heute.de\/die-linke-unterstuetzt-petition-fuer-me-cfs-betroffene\/\" target=\"_blank\" rel=\"noreferrer noopener\">berichtete<\/a> auch die &#8222;M\u00f6nchengladbacher Zeitung&nbsp;<strong>MG-Heute<\/strong>&#8220; \u00fcber die bevorstehende Aktion.<\/p>\n\n\n\n<blockquote class=\"wp-block-quote is-layout-flow wp-block-quote-is-layout-flow\">\n<p><span style=\"color:#000000\" class=\"tadv-color\">DIE LINKE wei\u00df um die Komplexit\u00e4t dieses \u00f6ffentlich v\u00f6llig unbekannten Themas. Deswegen m\u00f6chte sie am Samstag den 30.10.2021 an ihrem Infostand von 11:00 bis 14:00 Uhr auf dem Sonnenhausplatz das eigene Parteimaterial in den Hintergrund stellen und auf den Aufstellern Informationen zu ME\/CFS bereitstellen. Weiter werden die Unterschriftenlisten ausliegen.&nbsp;<\/span><\/p>\n<cite>Der Lokalbote, 28.10.2021 (<a href=\"https:\/\/www.der-lokalbote.de\/index.php?id=27&amp;no_cache=1&amp;tx_ttnews%5Btt_news%5D=10322&amp;cHash=d71b0f82894de8016549b5a412bf1418\" target=\"_blank\" rel=\"noreferrer noopener\">Link<\/a>)<\/cite><\/blockquote>\n\n\n\n<p>Ferner hat sich heute die nordrhein-westf\u00e4lische Landtagsabgeordnete <strong>Lisa Kapteinat (SPD)<\/strong> auf <a rel=\"noreferrer noopener\" href=\"https:\/\/www.facebook.com\/Kapteinat\/posts\/4371485599555892?__cft__[0]=AZUlXnBTL0m-PmLj1FZr0hZ1LW0SH_qoCMI9toYSaN-Kejrfw9xFEv9OCXa0P-D1XwFmE85DZIMoh2NprGdy43D_Xen05lR7YDOu1vGgWLwpIbx6ofhJofpX1S2RDE6CqVAFpWNKIkJce6U-tSTGarda&amp;__tn__=%2CO%2CP-R\" target=\"_blank\">Facebook<\/a> zu #SIGNforMECFS ge\u00e4u\u00dfert und zur Unterzeichnung unserer Petition an den Deutschen Bundestag aufgefordert. Auch daf\u00fcr herzlichen Dank!<\/p>\n\n\n\n<p>Au\u00dferdem <a href=\"https:\/\/www.melodiva.de\/news\/video-bundestags-petition-zur-neuroimmunologischen-erkrankung-me-cfs\/\" target=\"_blank\" rel=\"noreferrer noopener\">berichtete<\/a> heute das Online-Magazin <strong>MELODIVA <\/strong>\u00fcber unsere Petition.<\/p>\n\n\n\n<br>\n\n\n\n<h2 class=\"wp-block-heading\" id=\"26-oktober-2021\">26. Oktober 2021<\/h2>\n\n\n\n<p>Heute ist ein bedeutsamer Tag: Denn wir haben die <strong>HALBZEIT<\/strong> der Mitzeichnungsfrist unserer Petition erreicht. Ab heute verbleiben also noch 14 Tage, bis einschlie\u00dflich Dienstag, 9. November 2021, um unsere Petition zu unterst\u00fctzen und so den rund 250.000 ME\/CFS-Betroffenen in Deutschland eine Stimme zu geben.<\/p>\n\n\n\n<p><strong>Bei dieser Gelegenheit m\u00f6chten wir allen herzlich danken, die uns bislang ihre Unterschrift gegeben, f\u00fcr unser Projekt Werbung gemacht, Stimmen gesammelt oder uns in anderer Weise unterst\u00fctzt haben und dies auch weiterhin tun!<\/strong> <\/p>\n\n\n\n<p>Wir sind wirklich gleicherma\u00dfen ber\u00fchrt und begeistert, wie Betroffene, ihre Angeh\u00f6rigen und Freunde, \u00c4rzte, Politiker, Prominente und andere #SIGNforMECFS unterst\u00fctzen. Das ist gro\u00dfartig! An dieser Stelle sei erw\u00e4hnt, dass zuletzt auch <strong>Armin Rohde<\/strong> zur Unterzeichnung unserer Petition aufgerufen hat. Er schreibt <a rel=\"noreferrer noopener\" href=\"https:\/\/twitter.com\/ArminRohde\/status\/1452972265138700289\" target=\"_blank\">auf Twitter<\/a>: <em>&#8222;Kannte diese Krankheit selber noch nicht, muss aber grauenhaft sein.&#8220;<\/em><\/p>\n\n\n\n<p>Die gute Nachricht zur Halbzeit ist: Wenn unsere Kampagne so weiterl\u00e4uft wie bisher, haben wir wirklich eine realistische Chance, das Quorum von 50.000 Unterschriften zu erreichen. Entscheidend hierf\u00fcr wird insbesondere die Anzahl der per Post\/Fax eingesendeten Unterschriften sein, die wir bislang nicht absch\u00e4tzen k\u00f6nnen. Klar ist aber auch: Wir d\u00fcrfen in der zweiten H\u00e4lfte nicht nachlassen!<\/p>\n\n\n\n<br>\n\n\n\n<h2 class=\"wp-block-heading\" id=\"25-oktober-2021\">25. Oktober 2021<\/h2>\n\n\n\n<p><strong>Robert-Martin Montag, MdL<\/strong>, Generalsekret\u00e4r der FDP Th\u00fcringen und Gesundheitspolitiker, hat heute in einer <a rel=\"noreferrer noopener\" href=\"https:\/\/twitter.com\/RMMontag\/status\/1452684599889481736\" target=\"_blank\">Videobotschaft<\/a> gemeinsam mit <strong>allen Abgeordneten der FDP im Th\u00fcringer Landtag Unterst\u00fctzung f\u00fcr #SIGNforMECFS <\/strong>bekundet: &#8222;<em>ME\/CFS, eine unheilbare Krankheit, 250.000 Menschen sind betroffen in Deutschland, davon alleine 40.000 Kinder. Deswegen brauchen wir mehr Forschung, wir brauchen bessere Versorgung.<\/em>&#8220; Herzlichen Dank f\u00fcr dieses starke Zeichen, das uns zus\u00e4tzliche Hoffnung auf dringend ben\u00f6tigte Ver\u00e4nderung macht!<\/p>\n\n\n\n<figure class=\"wp-block-image size-large\"><img loading=\"lazy\" decoding=\"async\" width=\"745\" height=\"780\" src=\"https:\/\/signformecfs.de\/wp-content\/uploads\/2021\/10\/RMMFDP.png\" alt=\"\" class=\"wp-image-575\" srcset=\"https:\/\/signformecfs.de\/wp-content\/uploads\/2021\/10\/RMMFDP.png 745w, https:\/\/signformecfs.de\/wp-content\/uploads\/2021\/10\/RMMFDP-287x300.png 287w\" sizes=\"auto, (max-width: 745px) 100vw, 745px\" \/><figcaption class=\"wp-element-caption\">Tweet von Robert-Martin Montag, MdL, und Videobotschaft vom 25. Oktober 2021 (<a href=\"https:\/\/twitter.com\/RMMontag\/status\/1452684599889481736\" target=\"_blank\" rel=\"noreferrer noopener\">Link<\/a>)<\/figcaption><\/figure>\n\n\n\n<p>Am sp\u00e4ten Abend des heutigen Tages erreichte #SIGNforMECFS nach rund 13 Tagen der Mitzeichnungsfrist au\u00dferdem die runde Marke von <strong>15.000 Online-Mitzeichnungen<\/strong> \u00fcber das Petitionsportal des Deutschen Bundestages. Vielen Dank! <\/p>\n\n\n\n<br>\n\n\n\n<h2 class=\"wp-block-heading\" id=\"22-oktober-2021\">22. Oktober 2021<\/h2>\n\n\n\n<p>Nach etwas weniger als zehn Tagen hat #SIGNforMECFS heute Morgen die Marke von <strong>10.000 Online-Mitzeichnungen<\/strong> \u00fcber das Petitionsportal des Deutschen Bundestages \u00fcberschritten. Wir sind sehr dankbar f\u00fcr die Unterst\u00fctzung. Herzlichen Dank! Die beste Nachricht ist dabei: Mit der aktuellen Entwicklung w\u00e4re die Erreichung des Quorums von 50.000 Unterschriften wirklich m\u00f6glich, wie ein Mathematiker gleich errechnet und illustriert hat (<a rel=\"noreferrer noopener\" href=\"https:\/\/twitter.com\/MarekSJF\/status\/1451472501264076813\" target=\"_blank\">Twitter<\/a>). Daf\u00fcr kommt es entscheidend darauf an, dass unsere Petition weiterhin so viel Unterst\u00fctzung wie irgendwie m\u00f6glich erf\u00e4hrt und insbesondere weiterhin auf allen Kan\u00e4len geteilt bzw. verbreitet wird.<\/p>\n\n\n\n<p><strong>Besonders freut uns, dass in den letzten Tagen auch einige Prominente unsere Petition \u00f6ffentlich unterst\u00fctzt und zu ihrer Unterzeichnung aufgefordert haben<\/strong>. Dazu z\u00e4hlen etwa <a href=\"https:\/\/twitter.com\/erzaehlmirnix\/status\/1450155420996210689\" target=\"_blank\" rel=\"noreferrer noopener\">Nadja Hermann<\/a>, <a rel=\"noreferrer noopener\" href=\"https:\/\/twitter.com\/jholofernes\/status\/1451166138927308805\" target=\"_blank\">Judith Holofernes<\/a>, <a rel=\"noreferrer noopener\" href=\"https:\/\/twitter.com\/sebkrumbiegel\/status\/1451596675504615428\" target=\"_blank\">Sebastian Krumbiegel<\/a>, <a rel=\"noreferrer noopener\" href=\"https:\/\/twitter.com\/k_langensiepen\/status\/1450848280582184963\" target=\"_blank\">Katrin Langensiepen<\/a> (MdEP), <a rel=\"noreferrer noopener\" href=\"https:\/\/twitter.com\/lesmoureal\/status\/1451590459948740611\" target=\"_blank\">Smudo<\/a>, <a rel=\"noreferrer noopener\" href=\"https:\/\/twitter.com\/Andi_Wagner\/status\/1448382297523343364\" target=\"_blank\">Andreas Wagner<\/a> (MdB), <a rel=\"noreferrer noopener\" href=\"https:\/\/twitter.com\/Afelia\/status\/1448612230442987531\" target=\"_blank\">Marina Weisband<\/a> u.a. Dieser R\u00fcckhalt aus Gesellschaft und Politik ist dabei nicht nur deswegen so wertvoll, weil er zum Erfolg unserer Petition beitr\u00e4gt, sondern weil er uns ME\/CFS-Betroffenen die Art von Signalen sendet, auf die wir so lange Jahrzehnte vergeblich warten mussten: Wir sind nicht mehr unsichtbar und werden nicht mehr vergessen.<\/p>\n\n\n\n<figure class=\"wp-block-image size-large\"><img loading=\"lazy\" decoding=\"async\" width=\"749\" height=\"407\" src=\"https:\/\/signformecfs.de\/wp-content\/uploads\/2021\/10\/Holofernes.png\" alt=\"\" class=\"wp-image-557\" srcset=\"https:\/\/signformecfs.de\/wp-content\/uploads\/2021\/10\/Holofernes.png 749w, https:\/\/signformecfs.de\/wp-content\/uploads\/2021\/10\/Holofernes-300x163.png 300w\" sizes=\"auto, (max-width: 749px) 100vw, 749px\" \/><figcaption class=\"wp-element-caption\">Tweet von Judith Holofernes vom 21. Oktober 2021 (<a href=\"https:\/\/twitter.com\/jholofernes\/status\/1451166138927308805\" target=\"_blank\" rel=\"noreferrer noopener\">Link<\/a>)<\/figcaption><\/figure>\n\n\n\n<p>Au\u00dferdem hat heute der <strong>SPD-Kreisverband Neckar-Odenwald<\/strong> einen <a href=\"https:\/\/www.spd-nok.de\/meldungen\/signformecfs\/?fbclid=IwAR0RXi-aEzqhlo1O8tVmjhIboNuuX7r9p-oPbs2_zGXhViaTxcb5rGRvdqY\" target=\"_blank\" rel=\"noreferrer noopener\">Bericht \u00fcber #SIGNforMECFS auf seiner Webseite<\/a> ver\u00f6ffentlicht. Vielen Dank f\u00fcr die Unterst\u00fctzung!<\/p>\n\n\n\n<br>\n\n\n\n<h2 class=\"wp-block-heading\" id=\"21-oktober-2021\">21. Oktober 2021<\/h2>\n\n\n\n<p>Die <strong>Rhein-Neckar-Zeitung<\/strong> erw\u00e4hnt heute in einem <a rel=\"noreferrer noopener\" href=\"https:\/\/www.rnz.de\/nachrichten\/buchen_artikel,-chronisches-fatigue-syndrom-wenn-selbst-das-aufstehen-kaum-moeglich-ist-update-_arid,577398.html\" target=\"_blank\">Bericht \u00fcber ME\/CFS<\/a> auch unsere Petition an den Deutschen Bundestag und verlinkt unsere Webseite. <\/p>\n\n\n\n<br>\n\n\n\n<h2 class=\"wp-block-heading\" id=\"18-oktober-2021\">18. Oktober 2021<\/h2>\n\n\n\n<p>Nach nur rund sechs Tagen hat #SIGNforMECFS die Marke von <strong>5.000 Online-Mitzeichnungen<\/strong> \u00fcber das offizielle Petitionsportal des Deutschen Bundestages \u00fcberschritten. Das ist ein gro\u00dfer Erfolg, \u00fcber den wir uns sehr freuen und der bereits unterstreicht, wie dringend die Politik gefordert ist, sich des gro\u00dfen Problems ME\/CFS endlich mit Nachdruck anzunehmen. Zum Vergleich: Die letzte \u00f6ffentliche Petition zum Thema ME\/CFS hatte bis zum Ende der Mitzeichnungsfrist lediglich 670 Unterst\u00fctzer gewinnen k\u00f6nnen.<\/p>\n\n\n\n<p>Rechnet man die bisherigen Werte hoch, w\u00fcrden wir bis zum 9. November die beeindruckende Zahl von 23.000 Mitzeichnungen erreichen. Dazu kommen noch die \u00fcber unsere <a href=\"https:\/\/www.signformecfs.de\/downloads\/signformecfs-unterschriftenliste-de-02-druckerfreundlich.pdf\" target=\"_blank\" rel=\"noreferrer noopener\">Unterschriftenlisten<\/a> (<a href=\"https:\/\/signformecfs.de\/?page_id=142#post\">mehr Informationen dazu<\/a>) gesammelten Stimmen. Wollen wir aber das Quorum von 50.000 erreichen, m\u00fcssten wir noch ein wenig zulegen &#8211; wir bleiben dran! <\/p>\n\n\n\n<br>\n\n\n\n<h2 class=\"wp-block-heading\" id=\"13-oktober-2021\">13. Oktober 2021<\/h2>\n\n\n\n<p>#SIGNforMECFS hat nach ca. einem Tag bereits den ersten Meilenstein erreicht: Mehr als <strong>1000 Online-Mitzeichnungen<\/strong> \u00fcber das offizielle Petitionsportal des Deutschen Bundestages! Bitte beachten: Die von uns offline \u00fcber Unterschriftenlisten gesammelten Mitzeichnungen werden bei diesem Wert <em>nicht<\/em> ber\u00fccksichtigt.<\/p>\n\n\n\n<p>Au\u00dferdem hat heute die <strong>Deutsche Gesellschaft f\u00fcr ME\/CFS<\/strong> <strong>e.V.<\/strong> zur Unterst\u00fctzung von #SIGNforMECFS einen <a rel=\"noreferrer noopener\" href=\"https:\/\/www.mecfs.de\/petition-zu-me-cfs-an-den-deutschen-bundestag\/\" target=\"_blank\">Bericht \u00fcber unser Petitionsprojekt<\/a> ver\u00f6ffentlicht. Auch <strong>#MillionsMissing Deutschland<\/strong> <a href=\"https:\/\/www.millionsmissing.de\/2021\/10\/21\/petition-122600-zu-me-cfs-an-den-deutschen-bundestag\/\" target=\"_blank\" rel=\"noreferrer noopener\">schreibt \u00fcber #SIGNforMECFS<\/a>.<\/p>\n\n\n\n<br>\n\n\n\n<h2 class=\"wp-block-heading\" id=\"12-oktober-2021\">12. Oktober 2021<\/h2>\n\n\n\n<p><strong>Unsere Petition wurde auf dem offiziellen Petitionsportal des Deutschen Bundestages <a rel=\"noreferrer noopener\" href=\"https:\/\/epetitionen.bundestag.de\/petitionen\/_2021\/_04\/_09\/Petition_122600.$$$.a.u.html\" target=\"_blank\">zur Mitzeichnung freigeschaltet<\/a>.<\/strong> Die <strong>Mitzeichnungsfrist <\/strong>l\u00e4uft bis zum <strong>09. November 2021<\/strong>.<\/p>\n\n\n\n<p>Dies bedeutet zugleich, dass unser Widerspruch vom 08. Juli 2021 offenbar erfolgreich war. Eine gesonderte Mitteilung zum Ergebnis der neuen Pr\u00fcfung unserer Petition haben wir nicht erhalten. <\/p>\n\n\n\n<br>\n\n\n\n<h2 class=\"wp-block-heading\" id=\"22-juli-2021\">22. Juli 2021<\/h2>\n\n\n\n<p>Mit Schreiben vom 22. Juli 2021 teilt uns der Ausschussdienst mit, dass eine <strong>neue Pr\u00fcfung<\/strong> unserer Petition eingeleitet worden sei.<\/p>\n\n\n\n<br>\n\n\n\n<h2 class=\"wp-block-heading\" id=\"08-juli-2021\">08. Juli 2021<\/h2>\n\n\n\n<p>Heute haben wir gegen die Entscheidung des Ausschussdienstes <strong><a rel=\"noreferrer noopener\" href=\"https:\/\/www.signformecfs.de\/downloads\/signformecfs-widerspruch-anonymisiert.pdf\" target=\"_blank\">Widerspruch<\/a> <\/strong>erhoben. Wir halten die Entscheidung des Ausschussdienstes aus insbesondere folgenden Gr\u00fcnden f\u00fcr fehlerhaft:<br><strong>1)<\/strong> Da wir in weiten Teilen andere Forderungen erheben als es die letzte Petition getan hat, liegt gar keine &#8222;wiederholte Petition&#8220; vor.<br><strong>2)<\/strong> Seit der letzten parlamentarischen Befassung haben sich entscheidungserhebliche Umst\u00e4nde ver\u00e4ndert, die eine neue W\u00fcrdigung erforderlich machen. Dazu geh\u00f6ren neben der Entschlie\u00dfung des Europ\u00e4ischen Parlaments insbesondere auch die Corona-Pandemie, die nach Auffassung vieler Wissenschaftler weltweit zu zahlreichen neuen ME\/CFS-Erkrankungen f\u00fchren wird.<br><strong>3)<\/strong> Angesichts des bevorstehenden Endes der Legislaturperiode kommt eine wiederholte Befassung des gegenw\u00e4rtigen Petitionsausschusses ohnehin nicht mehr in Betracht.<br><strong>4)<\/strong> Vor allem aber waren wir entsetzt, dass der Ausschussdienst (zur Klarstellung: dabei handelt es sich <em>nicht <\/em>um Bundestagsabgeordnete, sondern um Mitarbeiter der Bundestagsverwaltung, die eingegangene Petitionen zur Erledigung durch den mit Politikern besetzten Ausschuss vorbereiten) die vollkommen realit\u00e4tsfernen Ausf\u00fchrungen des Bundesgesundheitsministeriums aus dem Jahr 2019 inhaltlich \u00fcbernommen hat. <strong>Dass \u201e<em>Klassifizierung sowie Ursache und Behandlungsformen des chronischen M\u00fcdigkeitssyndroms ME\/CFS derart pr\u00e4sent sind, dass hier keine Vernachl\u00e4ssigung dieser Erkrankung vermutet werden kann<\/em>\u201c ist eine Aussage, die von der verheerenden Realit\u00e4t kaum weiter entfernt sein k\u00f6nnte<\/strong>.<\/p>\n\n\n\n<p>Auf alle diese Punkte geht unser <strong><a href=\"https:\/\/www.signformecfs.de\/downloads\/signformecfs-widerspruch-anonymisiert.pdf\" target=\"_blank\" rel=\"noreferrer noopener\">Widerspruch<\/a> <\/strong>ausf\u00fchrlich und mit Nachweisen ein. <strong><a rel=\"noreferrer noopener\" href=\"https:\/\/www.signformecfs.de\/downloads\/signformecfs-widerspruch-anonymisiert.pdf\" target=\"_blank\">Das Dokument kann hier (in anonymisierter Form) heruntergeladen werden<\/a>.<\/strong><\/p>\n\n\n\n<p>Im Rahmen des Widerspruchsverfahrens erhalten wir Rat und politische Unterst\u00fctzung von <strong>Martina Stamm-Fibich<\/strong>, MdB (SPD) und ihrem Team sowie von <strong>Erich Irlstorfer<\/strong>, MdB (CSU) und dessen Team. Daf\u00fcr gilt allen unser herzlicher Dank!<\/p>\n\n\n\n<br>\n\n\n\n<h2 class=\"wp-block-heading\" id=\"28-mai-2021\">28. Mai 2021<\/h2>\n\n\n\n<p>Mit Schreiben vom 28. Mai 2021 erreichte uns heute ein Brief des Ausschussdienstes des Petitionsausschusses des Deutschen Bundestages, wonach man <strong>unsere Petition ohne parlamentarische Befassung abschlie\u00dfen wird<\/strong> &#8211; im Klartext: unsere Petition soll &#8222;<strong>abgelehnt<\/strong>&#8220; werden, ohne dass ein Abgeordneter diese auch nur zu Gesicht bekommen hat.<\/p>\n\n\n\n<p>Zur Begr\u00fcndung wird darauf verwiesen, dass erstens unsere Forderung in der laufenden Wahlperiode bereits Gegenstand eines Petitionsverfahrens gewesen sei (ID 94165 vom 26. April 2019). Zudem schloss sich der Ausschussdienst auch inhaltlich der fr\u00fcheren Beschlussempfehlung des Petitionsausschusses aus dem Jahr 2019 an, mit der das diese fr\u00fchere Petition betreffende Verfahren abgeschlossen worden war und deren Tenor lautete, dass der &#8222;<em>Petitionsausschuss ein weiteres T\u00e4tigwerden nicht in Aussicht zu stellen [vermag]<\/em>&#8222;. Diese Beschlussempfehlung basiert dabei auf einer damals eingeholten Stellungnahme des Bundesministeriums f\u00fcr Gesundheit.<\/p>\n\n\n\n<figure class=\"wp-block-image size-large\"><img loading=\"lazy\" decoding=\"async\" width=\"894\" height=\"279\" src=\"https:\/\/signformecfs.de\/wp-content\/uploads\/2021\/10\/Ausschussdienst.png\" alt=\"\" class=\"wp-image-530\" srcset=\"https:\/\/signformecfs.de\/wp-content\/uploads\/2021\/10\/Ausschussdienst.png 894w, https:\/\/signformecfs.de\/wp-content\/uploads\/2021\/10\/Ausschussdienst-300x94.png 300w, https:\/\/signformecfs.de\/wp-content\/uploads\/2021\/10\/Ausschussdienst-768x240.png 768w\" sizes=\"auto, (max-width: 894px) 100vw, 894px\" \/><figcaption class=\"wp-element-caption\">Ausschnitt aus dem Schreiben des Ausschussdienstes vom 28. Mai 2021 <\/figcaption><\/figure>\n\n\n\n<p><strong>Hintergrund<\/strong>: Gem\u00e4\u00df Punkt 7.14.7 der <a rel=\"noreferrer noopener\" href=\"https:\/\/www.bundestag.de\/ausschuesse\/a02\/verfahrensgrundsaetze-532086\" target=\"_blank\">Verfahrensgrunds\u00e4tze des Petitionsausschusses<\/a> kann eine Petition ohne politische Befassung abgeschlossen werden, wenn &#8222;das Anliegen inhaltlich bereits in der laufenden Wahlperiode behandelt worden ist&#8220;, es sich also um eine sog. &#8222;<strong>wiederholte Petition<\/strong>&#8220; handelt.<\/p>\n\n\n\n<br>\n\n\n\n<h2 class=\"wp-block-heading\" id=\"09-april-2021\">09. April 2021<\/h2>\n\n\n\n<p><strong>Wir haben unsere Petition beim Petitionsausschuss des Deutschen Bundestages eingereicht.<\/strong><\/p>\n\n\n\n<br>\n\n\n\n<h2 class=\"wp-block-heading\" id=\"ruckblick-ende-2020\">R\u00fcckblick: Ende 2020<\/h2>\n\n\n\n<p>Im Jahr 2020 hatten wir &#8211; das <a href=\"https:\/\/signformecfs.de\/#team-1\">Team #SIGNforMECFS<\/a> &#8211; eine Crowdfunding-Kampagne zur Unterst\u00fctzung der ME\/CFS-Forschung im Labor von <a rel=\"noreferrer noopener\" href=\"https:\/\/solvecfs.org\/dr-bhupesh-prusty\/\" target=\"_blank\">Dr. Bhupesh Prusty<\/a> an der Universit\u00e4t W\u00fcrzburg organisiert und abgeschlossen. Dieses Projekt #GOfundMECFS konnte innerhalb von nur 25 Tagen das Spendenziel erreichen und kam am Ende auf den beeindruckenden <strong>Betrag von EUR 34.755<\/strong>.<\/p>\n\n\n\n<p>Unsere Abschlussbotschaft zum Projekt #GOfundMECFS <a rel=\"noreferrer noopener\" href=\"https:\/\/drive.google.com\/file\/d\/1JtviXJEk-aocEuiHFIk6ZSNkjq6xwCZR\/view\" target=\"_blank\">auf Deutsch<\/a>\/<a rel=\"noreferrer noopener\" href=\"https:\/\/drive.google.com\/file\/d\/1G4GLEAdF5z0oYsqa6snTazvaBk0bGmGB\/view\" target=\"_blank\">auf Englisch<\/a>.<\/p>\n\n\n\n<p>Au\u00dferdem war 2020 das Jahr, in dem die EU-Petition von Evelien Van Den Brink zu einer Entschlie\u00dfung des Europ\u00e4ischen Parlaments gef\u00fchrt hatte: <a rel=\"noreferrer noopener\" href=\"https:\/\/www.europarl.europa.eu\/doceo\/document\/TA-9-2020-0140_DE.html\" target=\"_blank\">Entschlie\u00dfung des Europ\u00e4ischen Parlaments vom 18. Juni 2020 zu zus\u00e4tzlichen Finanzmitteln f\u00fcr die biomedizinische Forschung zu der Krankheit Myalgische Enzephalomyelitis (2020\/2580(RSP))<\/a>. So kamen wir gemeinsam auf die Idee, auch in Deutschland eine Petition zu organisieren: <strong>Das Projekt #SIGNforMECFS<\/strong>. Diese deutsche Petition soll einerseits den durch das EU-Parlament geschaffenen Schwung nutzen und an den Beschluss vom 18. Juni 2020 ankn\u00fcpfen. Au\u00dferdem erschien uns 2021 als g\u00fcnstiger Zeitpunkt: Das Thema ME\/CFS hat allgemein etwas mehr Aufmerksamkeit erreicht und angesichts der bevorstehenden Bundestagswahlen im Herbst war mit der Bildung einer neuen Bundesregierung zu rechnen. Unsere Hoffnung ist, dass die neue Regierung den seit Anfang der 1990er Jahre bestehenden Stillstand auf politischer Ebene in Sachen ME\/CFS beenden wird &#8211; und dazu wollen wir einen Beitrag leisten.<\/p>\n","protected":false},"excerpt":{"rendered":"<p>27. September 2023 Auf Grundlage der Beschlussempfehlung des Petitionsausschusses vom 5. Juli 2023 hat der Deutsche Bundestag einstimmig den Beschluss gefasst, Kernanliegen unserer von rund 100.000 Menschen unterst\u00fctzten #SIGNforMECFS-Petition der Bundesregierung zur Ber\u00fccksichtigung zu \u00fcberweisen. Die \u00dcberweisung an die Bundesregierung erfolgte nun in den letzten Tagen. Aus diesem Anlass wenden wir uns mit offenen Briefen&hellip; <br \/> <a class=\"read-more\" href=\"https:\/\/signformecfs.de\/?page_id=157\">Weiterlesen<\/a><\/p>\n","protected":false},"author":1,"featured_media":0,"parent":0,"menu_order":0,"comment_status":"closed","ping_status":"closed","template":"","meta":{"footnotes":""},"class_list":["post-157","page","type-page","status-publish","hentry"],"_links":{"self":[{"href":"https:\/\/signformecfs.de\/index.php?rest_route=\/wp\/v2\/pages\/157","targetHints":{"allow":["GET"]}}],"collection":[{"href":"https:\/\/signformecfs.de\/index.php?rest_route=\/wp\/v2\/pages"}],"about":[{"href":"https:\/\/signformecfs.de\/index.php?rest_route=\/wp\/v2\/types\/page"}],"author":[{"embeddable":true,"href":"https:\/\/signformecfs.de\/index.php?rest_route=\/wp\/v2\/users\/1"}],"replies":[{"embeddable":true,"href":"https:\/\/signformecfs.de\/index.php?rest_route=%2Fwp%2Fv2%2Fcomments&post=157"}],"version-history":[{"count":134,"href":"https:\/\/signformecfs.de\/index.php?rest_route=\/wp\/v2\/pages\/157\/revisions"}],"predecessor-version":[{"id":1003,"href":"https:\/\/signformecfs.de\/index.php?rest_route=\/wp\/v2\/pages\/157\/revisions\/1003"}],"wp:attachment":[{"href":"https:\/\/signformecfs.de\/index.php?rest_route=%2Fwp%2Fv2%2Fmedia&parent=157"}],"curies":[{"name":"wp","href":"https:\/\/api.w.org\/{rel}","templated":true}]}}